{"id":24824,"date":"2023-02-01T14:35:00","date_gmt":"2023-02-01T12:35:00","guid":{"rendered":"https:\/\/colegiosuizomadrid.com\/?page_id=24824"},"modified":"2023-03-10T14:16:47","modified_gmt":"2023-03-10T12:16:47","slug":"ferienlager-wahrend-der-osterferien","status":"publish","type":"page","link":"https:\/\/colegiosuizomadrid.com\/de\/ferienlager-wahrend-der-osterferien\/","title":{"rendered":"<strong>Ferienlager w\u00e4hrend der Osterferien<\/strong>"},"content":{"rendered":"\t\t<div data-elementor-type=\"wp-page\" data-elementor-id=\"24824\" class=\"elementor elementor-24824 elementor-24823\" data-elementor-post-type=\"page\">\n\t\t\t\t\t\t<section class=\"elementor-section elementor-top-section elementor-element elementor-element-8d543b0 elementor-section-height-min-height elementor-section-boxed elementor-section-height-default elementor-section-items-middle\" data-id=\"8d543b0\" data-element_type=\"section\" data-e-type=\"section\" data-settings=\"{&quot;background_background&quot;:&quot;classic&quot;}\">\n\t\t\t\t\t\t\t<div class=\"elementor-background-overlay\"><\/div>\n\t\t\t\t\t\t\t<div class=\"elementor-container elementor-column-gap-default\">\n\t\t\t\t\t<div class=\"elementor-column elementor-col-50 elementor-top-column elementor-element elementor-element-2fa0a85\" data-id=\"2fa0a85\" data-element_type=\"column\" data-e-type=\"column\">\n\t\t\t<div class=\"elementor-widget-wrap elementor-element-populated\">\n\t\t\t\t\t\t<div class=\"elementor-element elementor-element-f39850a elementor-widget elementor-widget-heading\" data-id=\"f39850a\" data-element_type=\"widget\" data-e-type=\"widget\" data-widget_type=\"heading.default\">\n\t\t\t\t<div class=\"elementor-widget-container\">\n\t\t\t\t\t<h2 class=\"elementor-heading-title elementor-size-default\">Ferienlager <\/h2>\t\t\t\t<\/div>\n\t\t\t\t<\/div>\n\t\t\t\t<div class=\"elementor-element elementor-element-0c04c1a elementor-widget elementor-widget-heading\" data-id=\"0c04c1a\" data-element_type=\"widget\" data-e-type=\"widget\" data-widget_type=\"heading.default\">\n\t\t\t\t<div class=\"elementor-widget-container\">\n\t\t\t\t\t<h2 class=\"elementor-heading-title elementor-size-default\">w\u00e4hrend der Osterferien\n<\/h2>\t\t\t\t<\/div>\n\t\t\t\t<\/div>\n\t\t\t\t\t<\/div>\n\t\t<\/div>\n\t\t\t\t<div class=\"elementor-column elementor-col-50 elementor-top-column elementor-element elementor-element-815040f\" data-id=\"815040f\" data-element_type=\"column\" data-e-type=\"column\">\n\t\t\t<div class=\"elementor-widget-wrap\">\n\t\t\t\t\t\t\t<\/div>\n\t\t<\/div>\n\t\t\t\t\t<\/div>\n\t\t<\/section>\n\t\t\t\t<section class=\"elementor-section elementor-top-section elementor-element elementor-element-6e3ecf6 elementor-section-boxed elementor-section-height-default elementor-section-height-default\" data-id=\"6e3ecf6\" data-element_type=\"section\" data-e-type=\"section\">\n\t\t\t\t\t\t<div class=\"elementor-container elementor-column-gap-default\">\n\t\t\t\t\t<div class=\"elementor-column elementor-col-100 elementor-top-column elementor-element elementor-element-9f46d23\" data-id=\"9f46d23\" data-element_type=\"column\" data-e-type=\"column\">\n\t\t\t<div class=\"elementor-widget-wrap elementor-element-populated\">\n\t\t\t\t\t\t<div class=\"elementor-element elementor-element-3e5bd99 elementor-widget elementor-widget-text-editor\" data-id=\"3e5bd99\" data-element_type=\"widget\" data-e-type=\"widget\" data-widget_type=\"text-editor.default\">\n\t\t\t\t<div class=\"elementor-widget-container\">\n\t\t\t\t\t\t\t\t\t<p><span style=\"color: #ff0000;\">SCHULALLTAG<\/span> \/ W\u00e4hrend der Osterferien<\/p>\t\t\t\t\t\t\t\t<\/div>\n\t\t\t\t<\/div>\n\t\t\t\t\t<\/div>\n\t\t<\/div>\n\t\t\t\t\t<\/div>\n\t\t<\/section>\n\t\t\t\t<section class=\"elementor-section elementor-top-section elementor-element elementor-element-771bf4e elementor-section-boxed elementor-section-height-default elementor-section-height-default\" data-id=\"771bf4e\" data-element_type=\"section\" data-e-type=\"section\">\n\t\t\t\t\t\t<div class=\"elementor-container elementor-column-gap-default\">\n\t\t\t\t\t<div class=\"elementor-column elementor-col-50 elementor-top-column elementor-element elementor-element-cb77de3\" data-id=\"cb77de3\" data-element_type=\"column\" data-e-type=\"column\">\n\t\t\t<div class=\"elementor-widget-wrap elementor-element-populated\">\n\t\t\t\t\t\t<div class=\"elementor-element elementor-element-1bcfad4 elementor-widget elementor-widget-text-editor\" data-id=\"1bcfad4\" data-element_type=\"widget\" data-e-type=\"widget\" data-widget_type=\"text-editor.default\">\n\t\t\t\t<div class=\"elementor-widget-container\">\n\t\t\t\t\t\t\t\t\t<p><span style=\"color: #ff0000;\"><strong>Neues Sport- und <\/strong><\/span> Ferienlager w\u00e4hrend der Osterferien (in deutscher Sprache)<\/p>\t\t\t\t\t\t\t\t<\/div>\n\t\t\t\t<\/div>\n\t\t\t\t<div class=\"elementor-element elementor-element-9e54ca9 elementor-widget elementor-widget-text-editor\" data-id=\"9e54ca9\" data-element_type=\"widget\" data-e-type=\"widget\" data-widget_type=\"text-editor.default\">\n\t\t\t\t<div class=\"elementor-widget-container\">\n\t\t\t\t\t\t\t\t\t<p class=\"p1\">Wir bieten ein neues <b>Ferienlager <\/b>w\u00e4hrend der <b>Osterferien<\/b> an. Dieses Angebot richtet sich sowohl an unsere Sch\u00fclerinnen und Sch\u00fcler als auch an externe Kinder, die uns kennenlernen und die angebotenen <b>Aktivit\u00e4ten <\/b>geniessen m\u00f6chten.<\/p><p class=\"p1\">Seit letztem Sommer arbeiten wir mit dem Unternehmen Cultural Actex zusammen, einer Organisation mit mehr als 25 Jahren Erfahrung in der Organisation von Lagern und ausserschulischen Aktivit\u00e4ten.<\/p><p class=\"p1\">Das Lager findet in den R\u00e4umlichkeiten der Schule statt und kann f\u00fcr verschiedene Zeitr\u00e4ume gebucht werden (siehe Tabellen).<\/p><p class=\"p1\"><span style=\"font-weight: bold;\">AKTIVIT\u00c4TEN<\/span><\/p><p class=\"p1\">Die Kinder werden an Robotikaktivit\u00e4ten, wissenschaftlichen Experimenten, Workshops und sportlichen Aktivit\u00e4ten teilnehmen.<\/p><p class=\"p3\"><span style=\"font-weight: bold;\">Altersstufen<\/span><\/p><p class=\"p3\">F\u00fcr die zwischen 2020 und 2008 geboren Kinder (beide inklusive).<\/p>\t\t\t\t\t\t\t\t<\/div>\n\t\t\t\t<\/div>\n\t\t\t\t\t<\/div>\n\t\t<\/div>\n\t\t\t\t<div class=\"elementor-column elementor-col-50 elementor-top-column elementor-element elementor-element-b7733a6\" data-id=\"b7733a6\" data-element_type=\"column\" data-e-type=\"column\">\n\t\t\t<div class=\"elementor-widget-wrap elementor-element-populated\">\n\t\t\t\t\t\t<div class=\"elementor-element elementor-element-1d861c6 elementor-widget elementor-widget-image\" data-id=\"1d861c6\" data-element_type=\"widget\" data-e-type=\"widget\" data-widget_type=\"image.default\">\n\t\t\t\t<div class=\"elementor-widget-container\">\n\t\t\t\t\t\t\t\t\t\t\t\t\t\t\t<img fetchpriority=\"high\" decoding=\"async\" width=\"731\" height=\"595\" src=\"https:\/\/colegiosuizomadrid.com\/beta\/wp-content\/uploads\/2023\/02\/foto1_campamento-semanasanta.jpg\" class=\"attachment-large size-large wp-image-24830\" alt=\"\" srcset=\"https:\/\/colegiosuizomadrid.com\/beta\/wp-content\/uploads\/2023\/02\/foto1_campamento-semanasanta.jpg 731w, https:\/\/colegiosuizomadrid.com\/beta\/wp-content\/uploads\/2023\/02\/foto1_campamento-semanasanta-300x244.jpg 300w, https:\/\/colegiosuizomadrid.com\/beta\/wp-content\/uploads\/2023\/02\/foto1_campamento-semanasanta-600x488.jpg 600w\" sizes=\"(max-width: 731px) 100vw, 731px\" \/>\t\t\t\t\t\t\t\t\t\t\t\t\t\t\t<\/div>\n\t\t\t\t<\/div>\n\t\t\t\t\t<\/div>\n\t\t<\/div>\n\t\t\t\t\t<\/div>\n\t\t<\/section>\n\t\t\t\t<section class=\"elementor-section elementor-top-section elementor-element elementor-element-9c76f37 elementor-reverse-mobile elementor-section-boxed elementor-section-height-default elementor-section-height-default\" data-id=\"9c76f37\" data-element_type=\"section\" data-e-type=\"section\">\n\t\t\t\t\t\t<div class=\"elementor-container elementor-column-gap-default\">\n\t\t\t\t\t<div class=\"elementor-column elementor-col-50 elementor-top-column elementor-element elementor-element-ad5cc51\" data-id=\"ad5cc51\" data-element_type=\"column\" data-e-type=\"column\">\n\t\t\t<div class=\"elementor-widget-wrap elementor-element-populated\">\n\t\t\t\t\t\t<div class=\"elementor-element elementor-element-7588ba7 elementor-widget elementor-widget-image\" data-id=\"7588ba7\" data-element_type=\"widget\" data-e-type=\"widget\" data-widget_type=\"image.default\">\n\t\t\t\t<div class=\"elementor-widget-container\">\n\t\t\t\t\t\t\t\t\t\t\t\t\t\t\t<img decoding=\"async\" width=\"800\" height=\"634\" src=\"https:\/\/colegiosuizomadrid.com\/beta\/wp-content\/uploads\/2023\/02\/foto2_campamento-semanasanta.jpg\" class=\"attachment-large size-large wp-image-24832\" alt=\"\" srcset=\"https:\/\/colegiosuizomadrid.com\/beta\/wp-content\/uploads\/2023\/02\/foto2_campamento-semanasanta.jpg 860w, https:\/\/colegiosuizomadrid.com\/beta\/wp-content\/uploads\/2023\/02\/foto2_campamento-semanasanta-300x238.jpg 300w, https:\/\/colegiosuizomadrid.com\/beta\/wp-content\/uploads\/2023\/02\/foto2_campamento-semanasanta-768x609.jpg 768w, https:\/\/colegiosuizomadrid.com\/beta\/wp-content\/uploads\/2023\/02\/foto2_campamento-semanasanta-600x476.jpg 600w\" sizes=\"(max-width: 800px) 100vw, 800px\" \/>\t\t\t\t\t\t\t\t\t\t\t\t\t\t\t<\/div>\n\t\t\t\t<\/div>\n\t\t\t\t\t<\/div>\n\t\t<\/div>\n\t\t\t\t<div class=\"elementor-column elementor-col-50 elementor-top-column elementor-element elementor-element-4946c32\" data-id=\"4946c32\" data-element_type=\"column\" data-e-type=\"column\">\n\t\t\t<div class=\"elementor-widget-wrap elementor-element-populated\">\n\t\t\t\t\t\t<div class=\"elementor-element elementor-element-e50220d elementor-widget elementor-widget-text-editor\" data-id=\"e50220d\" data-element_type=\"widget\" data-e-type=\"widget\" data-widget_type=\"text-editor.default\">\n\t\t\t\t<div class=\"elementor-widget-container\">\n\t\t\t\t\t\t\t\t\t<p class=\"p1\"><span style=\"color: #ff2d01;\"><b>DATEN<\/b><\/span><\/p><ul class=\"ul1\"><li>27. bis 31. M\u00e4rz<\/li><\/ul><p class=\"p1\"><span style=\"color: #ff2d01;\"><b><br \/><\/b><\/span><b>STUNDENPL\u00c4NE UND TARIFE<\/b><\/p>\t\t\t\t\t\t\t\t<\/div>\n\t\t\t\t<\/div>\n\t\t\t\t<div class=\"elementor-element elementor-element-84c56a5 elementor-icon-list--layout-traditional elementor-list-item-link-full_width elementor-widget elementor-widget-icon-list\" data-id=\"84c56a5\" data-element_type=\"widget\" data-e-type=\"widget\" data-widget_type=\"icon-list.default\">\n\t\t\t\t<div class=\"elementor-widget-container\">\n\t\t\t\t\t\t\t<ul class=\"elementor-icon-list-items\">\n\t\t\t\t\t\t\t<li class=\"elementor-icon-list-item\">\n\t\t\t\t\t\t\t\t\t\t\t<a href=\"https:\/\/colegiosuizomadrid.com\/beta\/wp-content\/uploads\/2023\/02\/CSM_Campus-Semana_Santa_Alumnos-CSM.pdf\" target=\"_blank\">\n\n\t\t\t\t\t\t\t\t\t\t\t\t<span class=\"elementor-icon-list-icon\">\n\t\t\t\t\t\t\t<i aria-hidden=\"true\" class=\"far fa-file-pdf\"><\/i>\t\t\t\t\t\t<\/span>\n\t\t\t\t\t\t\t\t\t\t<span class=\"elementor-icon-list-text\">F\u00fcr mehr Informationen zu den Stundenpl\u00e4nen und Tarifen, klicken Sie bitte den entsprechenden Link an.<\/span>\n\t\t\t\t\t\t\t\t\t\t\t<\/a>\n\t\t\t\t\t\t\t\t\t<\/li>\n\t\t\t\t\t\t<\/ul>\n\t\t\t\t\t\t<\/div>\n\t\t\t\t<\/div>\n\t\t\t\t<div class=\"elementor-element elementor-element-2e82812 elementor-widget elementor-widget-text-editor\" data-id=\"2e82812\" data-element_type=\"widget\" data-e-type=\"widget\" data-widget_type=\"text-editor.default\">\n\t\t\t\t<div class=\"elementor-widget-container\">\n\t\t\t\t\t\t\t\t\t<p class=\"p1\"><b>ANMELDEFRIST<br \/><\/b><span style=\"color: #ff0000;\"><b> Vom 20. Januar bis 8. M\u00e4rz.<\/b><\/span><\/p><p class=\"p1\">Platzreserve: 50\u20ac (werden von der Schlussabrechnung abgezogen).<\/p>\t\t\t\t\t\t\t\t<\/div>\n\t\t\t\t<\/div>\n\t\t\t\t\t<\/div>\n\t\t<\/div>\n\t\t\t\t\t<\/div>\n\t\t<\/section>\n\t\t\t\t<\/div>\n\t\t","protected":false},"excerpt":{"rendered":"<p>Ferienlager w\u00e4hrend der Osterferien SCHULALLTAG \/ W\u00e4hrend der Osterferien Neues Sport- und Ferienlager w\u00e4hrend der Osterferien (in deutscher Sprache) Wir bieten ein neues Ferienlager w\u00e4hrend der Osterferien an. Dieses Angebot richtet sich sowohl an unsere Sch\u00fclerinnen und Sch\u00fcler als auch an externe Kinder, die uns kennenlernen und die angebotenen Aktivit\u00e4ten geniessen m\u00f6chten. Seit letztem Sommer [&hellip;]<\/p>\n","protected":false},"author":1,"featured_media":0,"parent":0,"menu_order":0,"comment_status":"closed","ping_status":"closed","template":"","meta":{"footnotes":""},"class_list":["post-24824","page","type-page","status-publish","hentry"],"yoast_head":"<!-- This site is optimized with the Yoast SEO plugin v27.5 - https:\/\/yoast.com\/product\/yoast-seo-wordpress\/ -->\n<title>Ferienlager w\u00e4hrend der Osterferien - Colegio Suizo de Madrid<\/title>\n<meta name=\"robots\" content=\"index, follow, max-snippet:-1, max-image-preview:large, max-video-preview:-1\" \/>\n<link rel=\"canonical\" href=\"https:\/\/colegiosuizomadrid.com\/campamento-de-semana-santa\/\" \/>\n<meta property=\"og:locale\" content=\"de_DE\" \/>\n<meta property=\"og:type\" content=\"article\" \/>\n<meta property=\"og:title\" content=\"Ferienlager w\u00e4hrend der Osterferien - Colegio Suizo de Madrid\" \/>\n<meta property=\"og:description\" content=\"Ferienlager w\u00e4hrend der Osterferien SCHULALLTAG \/ W\u00e4hrend der Osterferien Neues Sport- und Ferienlager w\u00e4hrend der Osterferien (in deutscher Sprache) Wir bieten ein neues Ferienlager w\u00e4hrend der Osterferien an. Dieses Angebot richtet sich sowohl an unsere Sch\u00fclerinnen und Sch\u00fcler als auch an externe Kinder, die uns kennenlernen und die angebotenen Aktivit\u00e4ten geniessen m\u00f6chten. Seit letztem Sommer [&hellip;]\" \/>\n<meta property=\"og:url\" content=\"https:\/\/colegiosuizomadrid.com\/campamento-de-semana-santa\/\" \/>\n<meta property=\"og:site_name\" content=\"Colegio Suizo de Madrid\" \/>\n<meta property=\"article:modified_time\" content=\"2023-03-10T12:16:47+00:00\" \/>\n<meta property=\"og:image\" content=\"https:\/\/colegiosuizomadrid.com\/beta\/wp-content\/uploads\/2023\/02\/foto1_campamento-semanasanta.jpg\" \/>\n<meta name=\"twitter:card\" content=\"summary_large_image\" \/>\n<meta name=\"twitter:label1\" content=\"Gesch\u00e4tzte Lesezeit\" \/>\n\t<meta name=\"twitter:data1\" content=\"3\u00a0Minuten\" \/>\n<script type=\"application\/ld+json\" class=\"yoast-schema-graph\">{\"@context\":\"https:\\\/\\\/schema.org\",\"@graph\":[{\"@type\":\"WebPage\",\"@id\":\"https:\\\/\\\/colegiosuizomadrid.com\\\/campamento-de-semana-santa\\\/\",\"url\":\"https:\\\/\\\/colegiosuizomadrid.com\\\/campamento-de-semana-santa\\\/\",\"name\":\"Ferienlager w\u00e4hrend der Osterferien - Colegio Suizo de Madrid\",\"isPartOf\":{\"@id\":\"https:\\\/\\\/colegiosuizomadrid.com\\\/#website\"},\"primaryImageOfPage\":{\"@id\":\"https:\\\/\\\/colegiosuizomadrid.com\\\/campamento-de-semana-santa\\\/#primaryimage\"},\"image\":{\"@id\":\"https:\\\/\\\/colegiosuizomadrid.com\\\/campamento-de-semana-santa\\\/#primaryimage\"},\"thumbnailUrl\":\"https:\\\/\\\/colegiosuizomadrid.com\\\/beta\\\/wp-content\\\/uploads\\\/2023\\\/02\\\/foto1_campamento-semanasanta.jpg\",\"datePublished\":\"2023-02-01T12:35:00+00:00\",\"dateModified\":\"2023-03-10T12:16:47+00:00\",\"breadcrumb\":{\"@id\":\"https:\\\/\\\/colegiosuizomadrid.com\\\/campamento-de-semana-santa\\\/#breadcrumb\"},\"inLanguage\":\"de\",\"potentialAction\":[{\"@type\":\"ReadAction\",\"target\":[\"https:\\\/\\\/colegiosuizomadrid.com\\\/campamento-de-semana-santa\\\/\"]}]},{\"@type\":\"ImageObject\",\"inLanguage\":\"de\",\"@id\":\"https:\\\/\\\/colegiosuizomadrid.com\\\/campamento-de-semana-santa\\\/#primaryimage\",\"url\":\"https:\\\/\\\/colegiosuizomadrid.com\\\/beta\\\/wp-content\\\/uploads\\\/2023\\\/02\\\/foto1_campamento-semanasanta.jpg\",\"contentUrl\":\"https:\\\/\\\/colegiosuizomadrid.com\\\/beta\\\/wp-content\\\/uploads\\\/2023\\\/02\\\/foto1_campamento-semanasanta.jpg\"},{\"@type\":\"BreadcrumbList\",\"@id\":\"https:\\\/\\\/colegiosuizomadrid.com\\\/campamento-de-semana-santa\\\/#breadcrumb\",\"itemListElement\":[{\"@type\":\"ListItem\",\"position\":1,\"name\":\"Portada\",\"item\":\"https:\\\/\\\/colegiosuizomadrid.com\\\/\"},{\"@type\":\"ListItem\",\"position\":2,\"name\":\"Ferienlager w\u00e4hrend der Osterferien\"}]},{\"@type\":\"WebSite\",\"@id\":\"https:\\\/\\\/colegiosuizomadrid.com\\\/#website\",\"url\":\"https:\\\/\\\/colegiosuizomadrid.com\\\/\",\"name\":\"Colegio Suizo de Madrid\",\"description\":\"\",\"publisher\":{\"@id\":\"https:\\\/\\\/colegiosuizomadrid.com\\\/#organization\"},\"potentialAction\":[{\"@type\":\"SearchAction\",\"target\":{\"@type\":\"EntryPoint\",\"urlTemplate\":\"https:\\\/\\\/colegiosuizomadrid.com\\\/?s={search_term_string}\"},\"query-input\":{\"@type\":\"PropertyValueSpecification\",\"valueRequired\":true,\"valueName\":\"search_term_string\"}}],\"inLanguage\":\"de\"},{\"@type\":\"Organization\",\"@id\":\"https:\\\/\\\/colegiosuizomadrid.com\\\/#organization\",\"name\":\"Colegio Suizo de Madrid\",\"url\":\"https:\\\/\\\/colegiosuizomadrid.com\\\/\",\"logo\":{\"@type\":\"ImageObject\",\"inLanguage\":\"de\",\"@id\":\"https:\\\/\\\/colegiosuizomadrid.com\\\/#\\\/schema\\\/logo\\\/image\\\/\",\"url\":\"https:\\\/\\\/colegiosuizomadrid.com\\\/beta\\\/wp-content\\\/uploads\\\/2020\\\/03\\\/Logo-50-Aniv-Colegio-Suizo-Madrid-1.png\",\"contentUrl\":\"https:\\\/\\\/colegiosuizomadrid.com\\\/beta\\\/wp-content\\\/uploads\\\/2020\\\/03\\\/Logo-50-Aniv-Colegio-Suizo-Madrid-1.png\",\"width\":300,\"height\":75,\"caption\":\"Colegio Suizo de Madrid\"},\"image\":{\"@id\":\"https:\\\/\\\/colegiosuizomadrid.com\\\/#\\\/schema\\\/logo\\\/image\\\/\"}}]}<\/script>\n<!-- \/ Yoast SEO plugin. -->","yoast_head_json":{"title":"Ferienlager w\u00e4hrend der Osterferien - Colegio Suizo de Madrid","robots":{"index":"index","follow":"follow","max-snippet":"max-snippet:-1","max-image-preview":"max-image-preview:large","max-video-preview":"max-video-preview:-1"},"canonical":"https:\/\/colegiosuizomadrid.com\/campamento-de-semana-santa\/","og_locale":"de_DE","og_type":"article","og_title":"Ferienlager w\u00e4hrend der Osterferien - Colegio Suizo de Madrid","og_description":"Ferienlager w\u00e4hrend der Osterferien SCHULALLTAG \/ W\u00e4hrend der Osterferien Neues Sport- und Ferienlager w\u00e4hrend der Osterferien (in deutscher Sprache) Wir bieten ein neues Ferienlager w\u00e4hrend der Osterferien an. Dieses Angebot richtet sich sowohl an unsere Sch\u00fclerinnen und Sch\u00fcler als auch an externe Kinder, die uns kennenlernen und die angebotenen Aktivit\u00e4ten geniessen m\u00f6chten. Seit letztem Sommer [&hellip;]","og_url":"https:\/\/colegiosuizomadrid.com\/campamento-de-semana-santa\/","og_site_name":"Colegio Suizo de Madrid","article_modified_time":"2023-03-10T12:16:47+00:00","og_image":[{"url":"https:\/\/colegiosuizomadrid.com\/beta\/wp-content\/uploads\/2023\/02\/foto1_campamento-semanasanta.jpg","type":"","width":"","height":""}],"twitter_card":"summary_large_image","twitter_misc":{"Gesch\u00e4tzte Lesezeit":"3\u00a0Minuten"},"schema":{"@context":"https:\/\/schema.org","@graph":[{"@type":"WebPage","@id":"https:\/\/colegiosuizomadrid.com\/campamento-de-semana-santa\/","url":"https:\/\/colegiosuizomadrid.com\/campamento-de-semana-santa\/","name":"Ferienlager w\u00e4hrend der Osterferien - Colegio Suizo de Madrid","isPartOf":{"@id":"https:\/\/colegiosuizomadrid.com\/#website"},"primaryImageOfPage":{"@id":"https:\/\/colegiosuizomadrid.com\/campamento-de-semana-santa\/#primaryimage"},"image":{"@id":"https:\/\/colegiosuizomadrid.com\/campamento-de-semana-santa\/#primaryimage"},"thumbnailUrl":"https:\/\/colegiosuizomadrid.com\/beta\/wp-content\/uploads\/2023\/02\/foto1_campamento-semanasanta.jpg","datePublished":"2023-02-01T12:35:00+00:00","dateModified":"2023-03-10T12:16:47+00:00","breadcrumb":{"@id":"https:\/\/colegiosuizomadrid.com\/campamento-de-semana-santa\/#breadcrumb"},"inLanguage":"de","potentialAction":[{"@type":"ReadAction","target":["https:\/\/colegiosuizomadrid.com\/campamento-de-semana-santa\/"]}]},{"@type":"ImageObject","inLanguage":"de","@id":"https:\/\/colegiosuizomadrid.com\/campamento-de-semana-santa\/#primaryimage","url":"https:\/\/colegiosuizomadrid.com\/beta\/wp-content\/uploads\/2023\/02\/foto1_campamento-semanasanta.jpg","contentUrl":"https:\/\/colegiosuizomadrid.com\/beta\/wp-content\/uploads\/2023\/02\/foto1_campamento-semanasanta.jpg"},{"@type":"BreadcrumbList","@id":"https:\/\/colegiosuizomadrid.com\/campamento-de-semana-santa\/#breadcrumb","itemListElement":[{"@type":"ListItem","position":1,"name":"Portada","item":"https:\/\/colegiosuizomadrid.com\/"},{"@type":"ListItem","position":2,"name":"Ferienlager w\u00e4hrend der Osterferien"}]},{"@type":"WebSite","@id":"https:\/\/colegiosuizomadrid.com\/#website","url":"https:\/\/colegiosuizomadrid.com\/","name":"Colegio Suizo de Madrid","description":"","publisher":{"@id":"https:\/\/colegiosuizomadrid.com\/#organization"},"potentialAction":[{"@type":"SearchAction","target":{"@type":"EntryPoint","urlTemplate":"https:\/\/colegiosuizomadrid.com\/?s={search_term_string}"},"query-input":{"@type":"PropertyValueSpecification","valueRequired":true,"valueName":"search_term_string"}}],"inLanguage":"de"},{"@type":"Organization","@id":"https:\/\/colegiosuizomadrid.com\/#organization","name":"Colegio Suizo de Madrid","url":"https:\/\/colegiosuizomadrid.com\/","logo":{"@type":"ImageObject","inLanguage":"de","@id":"https:\/\/colegiosuizomadrid.com\/#\/schema\/logo\/image\/","url":"https:\/\/colegiosuizomadrid.com\/beta\/wp-content\/uploads\/2020\/03\/Logo-50-Aniv-Colegio-Suizo-Madrid-1.png","contentUrl":"https:\/\/colegiosuizomadrid.com\/beta\/wp-content\/uploads\/2020\/03\/Logo-50-Aniv-Colegio-Suizo-Madrid-1.png","width":300,"height":75,"caption":"Colegio Suizo de Madrid"},"image":{"@id":"https:\/\/colegiosuizomadrid.com\/#\/schema\/logo\/image\/"}}]}},"_links":{"self":[{"href":"https:\/\/colegiosuizomadrid.com\/de\/wp-json\/wp\/v2\/pages\/24824","targetHints":{"allow":["GET"]}}],"collection":[{"href":"https:\/\/colegiosuizomadrid.com\/de\/wp-json\/wp\/v2\/pages"}],"about":[{"href":"https:\/\/colegiosuizomadrid.com\/de\/wp-json\/wp\/v2\/types\/page"}],"author":[{"embeddable":true,"href":"https:\/\/colegiosuizomadrid.com\/de\/wp-json\/wp\/v2\/users\/1"}],"replies":[{"embeddable":true,"href":"https:\/\/colegiosuizomadrid.com\/de\/wp-json\/wp\/v2\/comments?post=24824"}],"version-history":[{"count":34,"href":"https:\/\/colegiosuizomadrid.com\/de\/wp-json\/wp\/v2\/pages\/24824\/revisions"}],"predecessor-version":[{"id":25826,"href":"https:\/\/colegiosuizomadrid.com\/de\/wp-json\/wp\/v2\/pages\/24824\/revisions\/25826"}],"wp:attachment":[{"href":"https:\/\/colegiosuizomadrid.com\/de\/wp-json\/wp\/v2\/media?parent=24824"}],"curies":[{"name":"wp","href":"https:\/\/api.w.org\/{rel}","templated":true}]}}