{"id":16493,"date":"2021-02-24T15:39:29","date_gmt":"2021-02-24T15:39:29","guid":{"rendered":"https:\/\/colegiosuizomadrid.com\/beta\/campamento-de-verano\/"},"modified":"2023-06-21T17:17:16","modified_gmt":"2023-06-21T15:17:16","slug":"sommerlager","status":"publish","type":"page","link":"https:\/\/colegiosuizomadrid.com\/de\/sommerlager\/","title":{"rendered":"SOMMERLAGER"},"content":{"rendered":"\t\t<div data-elementor-type=\"wp-page\" data-elementor-id=\"16493\" class=\"elementor elementor-16493 elementor-1319\" data-elementor-post-type=\"page\">\n\t\t\t\t\t\t<section class=\"elementor-section elementor-top-section elementor-element elementor-element-687bd9a elementor-section-height-min-height elementor-section-boxed elementor-section-height-default elementor-section-items-middle\" data-id=\"687bd9a\" data-element_type=\"section\" data-e-type=\"section\" data-settings=\"{&quot;background_background&quot;:&quot;classic&quot;}\">\n\t\t\t\t\t\t<div class=\"elementor-container elementor-column-gap-default\">\n\t\t\t\t\t<div class=\"elementor-column elementor-col-50 elementor-top-column elementor-element elementor-element-f09ec50\" data-id=\"f09ec50\" data-element_type=\"column\" data-e-type=\"column\">\n\t\t\t<div class=\"elementor-widget-wrap elementor-element-populated\">\n\t\t\t\t\t\t<div class=\"elementor-element elementor-element-f39850a elementor-widget elementor-widget-heading\" data-id=\"f39850a\" data-element_type=\"widget\" data-e-type=\"widget\" data-widget_type=\"heading.default\">\n\t\t\t\t<div class=\"elementor-widget-container\">\n\t\t\t\t\t<h2 class=\"elementor-heading-title elementor-size-default\">Sommerlager<\/h2>\t\t\t\t<\/div>\n\t\t\t\t<\/div>\n\t\t\t\t\t<\/div>\n\t\t<\/div>\n\t\t\t\t<div class=\"elementor-column elementor-col-50 elementor-top-column elementor-element elementor-element-311b2ed\" data-id=\"311b2ed\" data-element_type=\"column\" data-e-type=\"column\">\n\t\t\t<div class=\"elementor-widget-wrap\">\n\t\t\t\t\t\t\t<\/div>\n\t\t<\/div>\n\t\t\t\t\t<\/div>\n\t\t<\/section>\n\t\t\t\t<section class=\"elementor-section elementor-top-section elementor-element elementor-element-c3bc75e elementor-section-boxed elementor-section-height-default elementor-section-height-default\" data-id=\"c3bc75e\" data-element_type=\"section\" data-e-type=\"section\">\n\t\t\t\t\t\t<div class=\"elementor-container elementor-column-gap-default\">\n\t\t\t\t\t<div class=\"elementor-column elementor-col-100 elementor-top-column elementor-element elementor-element-cc19cc1\" data-id=\"cc19cc1\" data-element_type=\"column\" data-e-type=\"column\">\n\t\t\t<div class=\"elementor-widget-wrap elementor-element-populated\">\n\t\t\t\t\t\t<div class=\"elementor-element elementor-element-a14ca35 elementor-hidden-desktop elementor-hidden-tablet elementor-hidden-mobile elementor-widget elementor-widget-text-editor\" data-id=\"a14ca35\" data-element_type=\"widget\" data-e-type=\"widget\" data-widget_type=\"text-editor.default\">\n\t\t\t\t<div class=\"elementor-widget-container\">\n\t\t\t\t\t\t\t\t\t<p><span style=\"color: #ff0000;\">VIDA ESCOLAR<\/span> \/ Campamento de verano<\/p>\t\t\t\t\t\t\t\t<\/div>\n\t\t\t\t<\/div>\n\t\t\t\t\t<\/div>\n\t\t<\/div>\n\t\t\t\t\t<\/div>\n\t\t<\/section>\n\t\t\t\t<section class=\"elementor-section elementor-top-section elementor-element elementor-element-771bf4e elementor-section-boxed elementor-section-height-default elementor-section-height-default\" data-id=\"771bf4e\" data-element_type=\"section\" data-e-type=\"section\">\n\t\t\t\t\t\t<div class=\"elementor-container elementor-column-gap-default\">\n\t\t\t\t\t<div class=\"elementor-column elementor-col-50 elementor-top-column elementor-element elementor-element-cb77de3\" data-id=\"cb77de3\" data-element_type=\"column\" data-e-type=\"column\">\n\t\t\t<div class=\"elementor-widget-wrap elementor-element-populated\">\n\t\t\t\t\t\t<div class=\"elementor-element elementor-element-1bcfad4 elementor-widget elementor-widget-text-editor\" data-id=\"1bcfad4\" data-element_type=\"widget\" data-e-type=\"widget\" data-widget_type=\"text-editor.default\">\n\t\t\t\t<div class=\"elementor-widget-container\">\n\t\t\t\t\t\t\t\t\t<p><span style=\"color: #ff0000;\"><strong>Bilinguales Sommerlager<br \/><\/strong><\/span>Deutsch &#8211; Spanisch<\/p>\t\t\t\t\t\t\t\t<\/div>\n\t\t\t\t<\/div>\n\t\t\t\t<div class=\"elementor-element elementor-element-9e54ca9 elementor-widget elementor-widget-text-editor\" data-id=\"9e54ca9\" data-element_type=\"widget\" data-e-type=\"widget\" data-widget_type=\"text-editor.default\">\n\t\t\t\t<div class=\"elementor-widget-container\">\n\t\t\t\t\t\t\t\t\t<p><strong>Wir stellen das Angebot f\u00fcr unser Sommerlager im Juli vor, das ein zus\u00e4tzliches Sport- und Freizeitangebot anbietet.<\/strong> Dieses richtet sich sowohl an unsere Sch\u00fclerinnen und Sch\u00fcler als auch an externe Kinder, die uns kennenlernen und die angebotenen Aktivit\u00e4ten geniessen m\u00f6chten.<\/p><p>In Zusammenarbeit mit Cultural Actex, bieten diese Lager Aktivit\u00e4ten an, die in beiden Sprachen, Deutsch und Spanisch \u00a0durchgef\u00fchrt werden.<\/p><p><strong>Wir bieten ein Fussballcamp und ein Sommerlager<\/strong> an. Beide Ferienangebote finden auf dem Schulgel\u00e4nde statt und k\u00f6nnen wochenweise gebucht werden.\u00a0 Die Kinder nehmen an Aktivit\u00e4ten wie Fussballtechnik-Training oder Deutsch-Workshops, aber auch an Schwimmbad, Robotik, Scratch und Ausfl\u00fcgen teil.<\/p><p><strong>Ein Ausflug pro Woche in die Natur<\/strong> gem\u00e4s dem Programm des jeweiligen Lagers: Zoo de Guadalajara, Parque Forestal de Polvoranca, Dehesas de Cercedilla y Bosque de la Herrer\u00eda.<\/p><p>Beide Lager finden von <strong>8 bis 16.30 Uhr<\/strong> statt.<\/p>\t\t\t\t\t\t\t\t<\/div>\n\t\t\t\t<\/div>\n\t\t\t\t\t<\/div>\n\t\t<\/div>\n\t\t\t\t<div class=\"elementor-column elementor-col-50 elementor-top-column elementor-element elementor-element-b7733a6\" data-id=\"b7733a6\" data-element_type=\"column\" data-e-type=\"column\">\n\t\t\t<div class=\"elementor-widget-wrap elementor-element-populated\">\n\t\t\t\t\t\t<div class=\"elementor-element elementor-element-3a6ab5f elementor-widget elementor-widget-image\" data-id=\"3a6ab5f\" data-element_type=\"widget\" data-e-type=\"widget\" data-widget_type=\"image.default\">\n\t\t\t\t<div class=\"elementor-widget-container\">\n\t\t\t\t\t\t\t\t\t\t\t\t\t\t\t<img fetchpriority=\"high\" decoding=\"async\" width=\"463\" height=\"373\" src=\"https:\/\/colegiosuizomadrid.com\/beta\/wp-content\/uploads\/2023\/04\/img_-2-8-1.png\" class=\"attachment-large size-large wp-image-26120\" alt=\"\" srcset=\"https:\/\/colegiosuizomadrid.com\/beta\/wp-content\/uploads\/2023\/04\/img_-2-8-1.png 463w, https:\/\/colegiosuizomadrid.com\/beta\/wp-content\/uploads\/2023\/04\/img_-2-8-1-300x242.png 300w, https:\/\/colegiosuizomadrid.com\/beta\/wp-content\/uploads\/2023\/04\/img_-2-8-1-200x161.png 200w\" sizes=\"(max-width: 463px) 100vw, 463px\" \/>\t\t\t\t\t\t\t\t\t\t\t\t\t\t\t<\/div>\n\t\t\t\t<\/div>\n\t\t\t\t\t<\/div>\n\t\t<\/div>\n\t\t\t\t\t<\/div>\n\t\t<\/section>\n\t\t\t\t<section class=\"elementor-section elementor-top-section elementor-element elementor-element-5061d1c elementor-hidden-desktop elementor-hidden-tablet elementor-hidden-mobile elementor-section-boxed elementor-section-height-default elementor-section-height-default\" data-id=\"5061d1c\" data-element_type=\"section\" data-e-type=\"section\">\n\t\t\t\t\t\t<div class=\"elementor-container elementor-column-gap-default\">\n\t\t\t\t\t<div class=\"elementor-column elementor-col-50 elementor-top-column elementor-element elementor-element-bceb6c9\" data-id=\"bceb6c9\" data-element_type=\"column\" data-e-type=\"column\">\n\t\t\t<div class=\"elementor-widget-wrap elementor-element-populated\">\n\t\t\t\t\t\t<div class=\"elementor-element elementor-element-e795941 elementor-widget elementor-widget-text-editor\" data-id=\"e795941\" data-element_type=\"widget\" data-e-type=\"widget\" data-widget_type=\"text-editor.default\">\n\t\t\t\t<div class=\"elementor-widget-container\">\n\t\t\t\t\t\t\t\t\t<span style=\"color: #ff0000;\"><strong>Neues Sport- und <\/strong><\/span>Freizeiterlebnis \n\t\t\t\t\t\t\t\t<\/div>\n\t\t\t\t<\/div>\n\t\t\t\t<div class=\"elementor-element elementor-element-95b2039 elementor-widget elementor-widget-text-editor\" data-id=\"95b2039\" data-element_type=\"widget\" data-e-type=\"widget\" data-widget_type=\"text-editor.default\">\n\t\t\t\t<div class=\"elementor-widget-container\">\n\t\t\t\t\t\t\t\t\t<p><strong>Wir stellen ein erweitertes Angebot f\u00fcr unser Sommerlager im Juli vor, das ein zus\u00e4tzliches Sport- und Freizeitangebot anbietet. Dieses richtet sich <\/strong>sowohl an unsere Sch\u00fclerinnen und Sch\u00fcler als auch an externe Kinder, die uns kennenlernen und die angebotenen Aktivit\u00e4ten geniessen m\u00f6chten.<\/p><p>Das Programm wird von Cultural Actex, einer Organisation mit mehr als 25 Jahren Erfahrung in der Organisation von Ferienangeboten und auserschulischen Aktivit\u00e4ten, durchgef\u00fchrt.<\/p>\t\t\t\t\t\t\t\t<\/div>\n\t\t\t\t<\/div>\n\t\t\t\t\t<\/div>\n\t\t<\/div>\n\t\t\t\t<div class=\"elementor-column elementor-col-50 elementor-top-column elementor-element elementor-element-6e5ac83\" data-id=\"6e5ac83\" data-element_type=\"column\" data-e-type=\"column\">\n\t\t\t<div class=\"elementor-widget-wrap elementor-element-populated\">\n\t\t\t\t\t\t<div class=\"elementor-element elementor-element-03ff0df elementor-widget elementor-widget-image\" data-id=\"03ff0df\" data-element_type=\"widget\" data-e-type=\"widget\" data-widget_type=\"image.default\">\n\t\t\t\t<div class=\"elementor-widget-container\">\n\t\t\t\t\t\t\t\t\t\t\t\t\t\t\t<img decoding=\"async\" width=\"731\" height=\"595\" src=\"https:\/\/colegiosuizomadrid.com\/beta\/wp-content\/uploads\/2022\/04\/foto1_campamento-1.jpg\" class=\"attachment-large size-large wp-image-21266\" alt=\"\" srcset=\"https:\/\/colegiosuizomadrid.com\/beta\/wp-content\/uploads\/2022\/04\/foto1_campamento-1.jpg 731w, https:\/\/colegiosuizomadrid.com\/beta\/wp-content\/uploads\/2022\/04\/foto1_campamento-1-600x488.jpg 600w, https:\/\/colegiosuizomadrid.com\/beta\/wp-content\/uploads\/2022\/04\/foto1_campamento-1-300x244.jpg 300w\" sizes=\"(max-width: 731px) 100vw, 731px\" \/>\t\t\t\t\t\t\t\t\t\t\t\t\t\t\t<\/div>\n\t\t\t\t<\/div>\n\t\t\t\t\t<\/div>\n\t\t<\/div>\n\t\t\t\t\t<\/div>\n\t\t<\/section>\n\t\t\t\t<section class=\"elementor-section elementor-top-section elementor-element elementor-element-9c76f37 elementor-section-boxed elementor-section-height-default elementor-section-height-default\" data-id=\"9c76f37\" data-element_type=\"section\" data-e-type=\"section\">\n\t\t\t\t\t\t<div class=\"elementor-container elementor-column-gap-default\">\n\t\t\t\t\t<div class=\"elementor-column elementor-col-50 elementor-top-column elementor-element elementor-element-ad5cc51\" data-id=\"ad5cc51\" data-element_type=\"column\" data-e-type=\"column\">\n\t\t\t<div class=\"elementor-widget-wrap elementor-element-populated\">\n\t\t\t\t\t\t<div class=\"elementor-element elementor-element-850cde5 elementor-widget elementor-widget-image\" data-id=\"850cde5\" data-element_type=\"widget\" data-e-type=\"widget\" data-widget_type=\"image.default\">\n\t\t\t\t<div class=\"elementor-widget-container\">\n\t\t\t\t\t\t\t\t\t\t\t\t\t\t\t<img decoding=\"async\" width=\"479\" height=\"321\" src=\"https:\/\/colegiosuizomadrid.com\/beta\/wp-content\/uploads\/2023\/04\/img_-3-8-1.png\" class=\"attachment-large size-large wp-image-26127\" alt=\"\" srcset=\"https:\/\/colegiosuizomadrid.com\/beta\/wp-content\/uploads\/2023\/04\/img_-3-8-1.png 479w, https:\/\/colegiosuizomadrid.com\/beta\/wp-content\/uploads\/2023\/04\/img_-3-8-1-300x201.png 300w, https:\/\/colegiosuizomadrid.com\/beta\/wp-content\/uploads\/2023\/04\/img_-3-8-1-200x134.png 200w\" sizes=\"(max-width: 479px) 100vw, 479px\" \/>\t\t\t\t\t\t\t\t\t\t\t\t\t\t\t<\/div>\n\t\t\t\t<\/div>\n\t\t\t\t\t<\/div>\n\t\t<\/div>\n\t\t\t\t<div class=\"elementor-column elementor-col-50 elementor-top-column elementor-element elementor-element-4946c32\" data-id=\"4946c32\" data-element_type=\"column\" data-e-type=\"column\">\n\t\t\t<div class=\"elementor-widget-wrap elementor-element-populated\">\n\t\t\t\t\t\t<div class=\"elementor-element elementor-element-e1cb4f5 elementor-widget elementor-widget-text-editor\" data-id=\"e1cb4f5\" data-element_type=\"widget\" data-e-type=\"widget\" data-widget_type=\"text-editor.default\">\n\t\t\t\t<div class=\"elementor-widget-container\">\n\t\t\t\t\t\t\t\t\t<p>Anmeldungen\u00a0geschlossen<\/p>\t\t\t\t\t\t\t\t<\/div>\n\t\t\t\t<\/div>\n\t\t\t\t<div class=\"elementor-element elementor-element-a6fca6d elementor-hidden-desktop elementor-hidden-tablet elementor-hidden-mobile elementor-widget elementor-widget-text-editor\" data-id=\"a6fca6d\" data-element_type=\"widget\" data-e-type=\"widget\" data-widget_type=\"text-editor.default\">\n\t\t\t\t<div class=\"elementor-widget-container\">\n\t\t\t\t\t\t\t\t\t<p><span style=\"color: #ff0000;\"><strong>Anmeldungen vom<br \/><\/strong><\/span>26. April bis 18. Juni m\u00f6glich.<\/p>\t\t\t\t\t\t\t\t<\/div>\n\t\t\t\t<\/div>\n\t\t\t\t<div class=\"elementor-element elementor-element-5a386c0 elementor-hidden-desktop elementor-hidden-tablet elementor-hidden-mobile elementor-widget elementor-widget-text-editor\" data-id=\"5a386c0\" data-element_type=\"widget\" data-e-type=\"widget\" data-widget_type=\"text-editor.default\">\n\t\t\t\t<div class=\"elementor-widget-container\">\n\t\t\t\t\t\t\t\t\t<p>Platzreservierung: 50\u20ac (werden vom Endbetrag abgezogen)<\/p><ul><li><strong>Einschreibung f\u00fcr Sch\u00fclerinnen und Sch\u00fcler des CSM \u00fcber Phidias m\u00f6glich<br \/><br \/><\/strong><\/li><li><strong>Einschreibung f\u00fcr externe und Alumni Kinder <span style=\"text-decoration: underline;\"><span style=\"color: #ff0000; text-decoration: underline;\"><a style=\"color: #ff0000; text-decoration: underline;\" href=\"https:\/\/actividadesextraescolaresmadrid-actex.com\/colegio-suizo-madrid\/\" target=\"_blank\" rel=\"noopener\">hier<\/a><\/span><\/span><\/strong><\/li><\/ul>\t\t\t\t\t\t\t\t<\/div>\n\t\t\t\t<\/div>\n\t\t\t\t\t<\/div>\n\t\t<\/div>\n\t\t\t\t\t<\/div>\n\t\t<\/section>\n\t\t\t\t<section class=\"elementor-section elementor-top-section elementor-element elementor-element-2973710 elementor-hidden-desktop elementor-hidden-tablet elementor-hidden-mobile elementor-section-boxed elementor-section-height-default elementor-section-height-default\" data-id=\"2973710\" data-element_type=\"section\" data-e-type=\"section\">\n\t\t\t\t\t\t<div class=\"elementor-container elementor-column-gap-default\">\n\t\t\t\t\t<div class=\"elementor-column elementor-col-50 elementor-top-column elementor-element elementor-element-0727d4f\" data-id=\"0727d4f\" data-element_type=\"column\" data-e-type=\"column\">\n\t\t\t<div class=\"elementor-widget-wrap elementor-element-populated\">\n\t\t\t\t\t\t<div class=\"elementor-element elementor-element-0831084 elementor-widget elementor-widget-image\" data-id=\"0831084\" data-element_type=\"widget\" data-e-type=\"widget\" data-widget_type=\"image.default\">\n\t\t\t\t<div class=\"elementor-widget-container\">\n\t\t\t\t\t\t\t\t\t\t\t\t\t\t\t<img loading=\"lazy\" decoding=\"async\" width=\"800\" height=\"634\" src=\"https:\/\/colegiosuizomadrid.com\/beta\/wp-content\/uploads\/2022\/04\/foto2_campamento-1.jpg\" class=\"attachment-large size-large wp-image-21281\" alt=\"\" srcset=\"https:\/\/colegiosuizomadrid.com\/beta\/wp-content\/uploads\/2022\/04\/foto2_campamento-1.jpg 860w, https:\/\/colegiosuizomadrid.com\/beta\/wp-content\/uploads\/2022\/04\/foto2_campamento-1-600x476.jpg 600w, https:\/\/colegiosuizomadrid.com\/beta\/wp-content\/uploads\/2022\/04\/foto2_campamento-1-300x238.jpg 300w, https:\/\/colegiosuizomadrid.com\/beta\/wp-content\/uploads\/2022\/04\/foto2_campamento-1-768x609.jpg 768w\" sizes=\"(max-width: 800px) 100vw, 800px\" \/>\t\t\t\t\t\t\t\t\t\t\t\t\t\t\t<\/div>\n\t\t\t\t<\/div>\n\t\t\t\t\t<\/div>\n\t\t<\/div>\n\t\t\t\t<div class=\"elementor-column elementor-col-50 elementor-top-column elementor-element elementor-element-748498f\" data-id=\"748498f\" data-element_type=\"column\" data-e-type=\"column\">\n\t\t\t<div class=\"elementor-widget-wrap elementor-element-populated\">\n\t\t\t\t\t\t<div class=\"elementor-element elementor-element-a7c13bb elementor-widget elementor-widget-text-editor\" data-id=\"a7c13bb\" data-element_type=\"widget\" data-e-type=\"widget\" data-widget_type=\"text-editor.default\">\n\t\t\t\t<div class=\"elementor-widget-container\">\n\t\t\t\t\t\t\t\t\t<p>Wir bieten ein Fussballcamp und ein Sommerlager an.<\/p>\t\t\t\t\t\t\t\t<\/div>\n\t\t\t\t<\/div>\n\t\t\t\t<div class=\"elementor-element elementor-element-1499098 elementor-widget elementor-widget-text-editor\" data-id=\"1499098\" data-element_type=\"widget\" data-e-type=\"widget\" data-widget_type=\"text-editor.default\">\n\t\t\t\t<div class=\"elementor-widget-container\">\n\t\t\t\t\t\t\t\t\t<p>Beide Ferienangebote finden auf dem Schulgel\u00e4nde statt und k\u00f6nnen wochenweise gebucht werden.\u00a0 Die Kinder nehmen an Aktivit\u00e4ten wie Fussballtechnik-Training oder Deutsch-Workshops, aber auch an Schwimmbad, Robotik, <em>Scratch<\/em>, Modern Dance und Ausfl\u00fcgen teil.<\/p><p><strong>Anmeldungen vom 19. April bis 17. Juni m\u00f6glich. <\/strong><\/p>\t\t\t\t\t\t\t\t<\/div>\n\t\t\t\t<\/div>\n\t\t\t\t\t<\/div>\n\t\t<\/div>\n\t\t\t\t\t<\/div>\n\t\t<\/section>\n\t\t\t\t<section class=\"elementor-section elementor-top-section elementor-element elementor-element-954feb5 elementor-hidden-desktop elementor-hidden-tablet elementor-hidden-mobile elementor-section-boxed elementor-section-height-default elementor-section-height-default\" data-id=\"954feb5\" data-element_type=\"section\" data-e-type=\"section\">\n\t\t\t\t\t\t<div class=\"elementor-container elementor-column-gap-default\">\n\t\t\t\t\t<div class=\"elementor-column elementor-col-50 elementor-top-column elementor-element elementor-element-58817a3\" data-id=\"58817a3\" data-element_type=\"column\" data-e-type=\"column\">\n\t\t\t<div class=\"elementor-widget-wrap elementor-element-populated\">\n\t\t\t\t\t\t<div class=\"elementor-element elementor-element-b5f2c0f elementor-widget elementor-widget-image\" data-id=\"b5f2c0f\" data-element_type=\"widget\" data-e-type=\"widget\" data-widget_type=\"image.default\">\n\t\t\t\t<div class=\"elementor-widget-container\">\n\t\t\t\t\t\t\t\t\t\t\t\t\t\t\t<img loading=\"lazy\" decoding=\"async\" width=\"800\" height=\"450\" src=\"https:\/\/colegiosuizomadrid.com\/beta\/wp-content\/uploads\/2022\/04\/portada-campus-de-futbol-1024x576.jpg\" class=\"attachment-large size-large wp-image-21149\" alt=\"\" srcset=\"https:\/\/colegiosuizomadrid.com\/beta\/wp-content\/uploads\/2022\/04\/portada-campus-de-futbol-1024x576.jpg 1024w, https:\/\/colegiosuizomadrid.com\/beta\/wp-content\/uploads\/2022\/04\/portada-campus-de-futbol-600x338.jpg 600w, https:\/\/colegiosuizomadrid.com\/beta\/wp-content\/uploads\/2022\/04\/portada-campus-de-futbol-300x169.jpg 300w, https:\/\/colegiosuizomadrid.com\/beta\/wp-content\/uploads\/2022\/04\/portada-campus-de-futbol-768x432.jpg 768w, https:\/\/colegiosuizomadrid.com\/beta\/wp-content\/uploads\/2022\/04\/portada-campus-de-futbol-1536x864.jpg 1536w, https:\/\/colegiosuizomadrid.com\/beta\/wp-content\/uploads\/2022\/04\/portada-campus-de-futbol.jpg 1676w\" sizes=\"(max-width: 800px) 100vw, 800px\" \/>\t\t\t\t\t\t\t\t\t\t\t\t\t\t\t<\/div>\n\t\t\t\t<\/div>\n\t\t\t\t<div class=\"elementor-element elementor-element-4b44814 elementor-icon-list--layout-traditional elementor-list-item-link-full_width elementor-widget elementor-widget-icon-list\" data-id=\"4b44814\" data-element_type=\"widget\" data-e-type=\"widget\" data-widget_type=\"icon-list.default\">\n\t\t\t\t<div class=\"elementor-widget-container\">\n\t\t\t\t\t\t\t<ul class=\"elementor-icon-list-items\">\n\t\t\t\t\t\t\t<li class=\"elementor-icon-list-item\">\n\t\t\t\t\t\t\t\t\t\t\t<a href=\"https:\/\/actividadesextraescolaresmadrid-actex.com\/colegio-suizo-madrid\/\" target=\"_blank\">\n\n\t\t\t\t\t\t\t\t\t\t\t\t<span class=\"elementor-icon-list-icon\">\n\t\t\t\t\t\t\t<i aria-hidden=\"true\" class=\"fas fa-external-link-alt\"><\/i>\t\t\t\t\t\t<\/span>\n\t\t\t\t\t\t\t\t\t\t<span class=\"elementor-icon-list-text\">Einschreibung Fussballcamp<\/span>\n\t\t\t\t\t\t\t\t\t\t\t<\/a>\n\t\t\t\t\t\t\t\t\t<\/li>\n\t\t\t\t\t\t<\/ul>\n\t\t\t\t\t\t<\/div>\n\t\t\t\t<\/div>\n\t\t\t\t<div class=\"elementor-element elementor-element-137f69d elementor-hidden-desktop elementor-hidden-tablet elementor-hidden-mobile elementor-widget elementor-widget-heading\" data-id=\"137f69d\" data-element_type=\"widget\" data-e-type=\"widget\" data-widget_type=\"heading.default\">\n\t\t\t\t<div class=\"elementor-widget-container\">\n\t\t\t\t\t<h2 class=\"elementor-heading-title elementor-size-default\"><a href=\"https:\/\/actividadesextraescolaresmadrid-actex.com\/colegio-suizo-madrid\/\" target=\"_blank\">Einschreibung Fussballcamp\n<\/a><\/h2>\t\t\t\t<\/div>\n\t\t\t\t<\/div>\n\t\t\t\t<div class=\"elementor-element elementor-element-413ad03 elementor-widget elementor-widget-text-editor\" data-id=\"413ad03\" data-element_type=\"widget\" data-e-type=\"widget\" data-widget_type=\"text-editor.default\">\n\t\t\t\t<div class=\"elementor-widget-container\">\n\t\t\t\t\t\t\t\t\t<p>F\u00fcr Kinder, die zwischen 2018 und 2008 geboren wurden (beide eingeschlossen).<\/p><p>Termine:<\/p><ul><li>Woche 1: 4. bis 8. Juli<\/li><li>Woche 2: 11-15 Juli<\/li><\/ul><p>\u00a0<\/p><p><a href=\"https:\/\/colegiosuizomadrid.com\/beta\/wp-content\/uploads\/2022\/04\/CSM_Folleto_Campamento_Fu\u0301tbol.pdf\" target=\"_blank\" rel=\"noopener\"><u><b>Brosch\u00fcre herunterladen <\/b><\/u><\/a><\/p>\t\t\t\t\t\t\t\t<\/div>\n\t\t\t\t<\/div>\n\t\t\t\t\t<\/div>\n\t\t<\/div>\n\t\t\t\t<div class=\"elementor-column elementor-col-50 elementor-top-column elementor-element elementor-element-9761bf8\" data-id=\"9761bf8\" data-element_type=\"column\" data-e-type=\"column\">\n\t\t\t<div class=\"elementor-widget-wrap elementor-element-populated\">\n\t\t\t\t\t\t<div class=\"elementor-element elementor-element-823164a elementor-widget elementor-widget-image\" data-id=\"823164a\" data-element_type=\"widget\" data-e-type=\"widget\" data-widget_type=\"image.default\">\n\t\t\t\t<div class=\"elementor-widget-container\">\n\t\t\t\t\t\t\t\t\t\t\t\t\t\t\t<img loading=\"lazy\" decoding=\"async\" width=\"800\" height=\"450\" src=\"https:\/\/colegiosuizomadrid.com\/beta\/wp-content\/uploads\/2022\/04\/portada-campus-de-verano-1024x576.jpg\" class=\"attachment-large size-large wp-image-21151\" alt=\"\" srcset=\"https:\/\/colegiosuizomadrid.com\/beta\/wp-content\/uploads\/2022\/04\/portada-campus-de-verano-1024x576.jpg 1024w, https:\/\/colegiosuizomadrid.com\/beta\/wp-content\/uploads\/2022\/04\/portada-campus-de-verano-600x338.jpg 600w, https:\/\/colegiosuizomadrid.com\/beta\/wp-content\/uploads\/2022\/04\/portada-campus-de-verano-300x169.jpg 300w, https:\/\/colegiosuizomadrid.com\/beta\/wp-content\/uploads\/2022\/04\/portada-campus-de-verano-768x432.jpg 768w, https:\/\/colegiosuizomadrid.com\/beta\/wp-content\/uploads\/2022\/04\/portada-campus-de-verano-1536x864.jpg 1536w, https:\/\/colegiosuizomadrid.com\/beta\/wp-content\/uploads\/2022\/04\/portada-campus-de-verano.jpg 1676w\" sizes=\"(max-width: 800px) 100vw, 800px\" \/>\t\t\t\t\t\t\t\t\t\t\t\t\t\t\t<\/div>\n\t\t\t\t<\/div>\n\t\t\t\t<div class=\"elementor-element elementor-element-612e98e elementor-icon-list--layout-traditional elementor-list-item-link-full_width elementor-widget elementor-widget-icon-list\" data-id=\"612e98e\" data-element_type=\"widget\" data-e-type=\"widget\" data-widget_type=\"icon-list.default\">\n\t\t\t\t<div class=\"elementor-widget-container\">\n\t\t\t\t\t\t\t<ul class=\"elementor-icon-list-items\">\n\t\t\t\t\t\t\t<li class=\"elementor-icon-list-item\">\n\t\t\t\t\t\t\t\t\t\t\t<a href=\"https:\/\/actividadesextraescolaresmadrid-actex.com\/colegio-suizo-madrid\/\" target=\"_blank\">\n\n\t\t\t\t\t\t\t\t\t\t\t\t<span class=\"elementor-icon-list-icon\">\n\t\t\t\t\t\t\t<i aria-hidden=\"true\" class=\"fas fa-external-link-alt\"><\/i>\t\t\t\t\t\t<\/span>\n\t\t\t\t\t\t\t\t\t\t<span class=\"elementor-icon-list-text\">Einschreibung Sommerlager<\/span>\n\t\t\t\t\t\t\t\t\t\t\t<\/a>\n\t\t\t\t\t\t\t\t\t<\/li>\n\t\t\t\t\t\t<\/ul>\n\t\t\t\t\t\t<\/div>\n\t\t\t\t<\/div>\n\t\t\t\t<div class=\"elementor-element elementor-element-dfc1027 elementor-hidden-desktop elementor-hidden-tablet elementor-hidden-mobile elementor-widget elementor-widget-heading\" data-id=\"dfc1027\" data-element_type=\"widget\" data-e-type=\"widget\" data-widget_type=\"heading.default\">\n\t\t\t\t<div class=\"elementor-widget-container\">\n\t\t\t\t\t<h2 class=\"elementor-heading-title elementor-size-default\"><a href=\"https:\/\/actividadesextraescolaresmadrid-actex.com\/colegio-suizo-madrid\/\" target=\"_blank\">Einschreibung Sommerlager<\/a><\/h2>\t\t\t\t<\/div>\n\t\t\t\t<\/div>\n\t\t\t\t<div class=\"elementor-element elementor-element-2df7572 elementor-widget elementor-widget-text-editor\" data-id=\"2df7572\" data-element_type=\"widget\" data-e-type=\"widget\" data-widget_type=\"text-editor.default\">\n\t\t\t\t<div class=\"elementor-widget-container\">\n\t\t\t\t\t\t\t\t\t<p>F\u00fcr Kinder, die zwischen 2020 und 2008 geboren wurden (beide eingeschlossen).<\/p><p>Termine:<\/p><ul><li>Woche 1: 4-8 Juli<\/li><li>Woche 2: 11-15 Juli<\/li><li>Woche 3: 18-22 Juli<\/li><li>Woche 4: 25-29 Juli<\/li><\/ul><p>\u00a0<\/p><p><a href=\"https:\/\/colegiosuizomadrid.com\/beta\/wp-content\/uploads\/2022\/04\/CSM_Folleto_Campamento_Verano_Julio-2022.pdf\" target=\"_blank\" rel=\"noopener\"><u><b>Brosch\u00fcre herunterladen<\/b><\/u><\/a><\/p>\t\t\t\t\t\t\t\t<\/div>\n\t\t\t\t<\/div>\n\t\t\t\t\t<\/div>\n\t\t<\/div>\n\t\t\t\t\t<\/div>\n\t\t<\/section>\n\t\t\t\t<section class=\"elementor-section elementor-top-section elementor-element elementor-element-d5d9451 elementor-hidden-desktop elementor-hidden-tablet elementor-hidden-mobile elementor-section-boxed elementor-section-height-default elementor-section-height-default\" data-id=\"d5d9451\" data-element_type=\"section\" data-e-type=\"section\">\n\t\t\t\t\t\t<div class=\"elementor-container elementor-column-gap-default\">\n\t\t\t\t\t<div class=\"elementor-column elementor-col-50 elementor-top-column elementor-element elementor-element-8236f06\" data-id=\"8236f06\" data-element_type=\"column\" data-e-type=\"column\">\n\t\t\t<div class=\"elementor-widget-wrap elementor-element-populated\">\n\t\t\t\t\t\t<div class=\"elementor-element elementor-element-89036fb elementor-widget elementor-widget-text-editor\" data-id=\"89036fb\" data-element_type=\"widget\" data-e-type=\"widget\" data-widget_type=\"text-editor.default\">\n\t\t\t\t<div class=\"elementor-widget-container\">\n\t\t\t\t\t\t\t\t\t<p>\u00a1Alem\u00e1n tambi\u00e9n\u00a0<span style=\"color: #ff0000;\"><strong>en verano!<\/strong><\/span><\/p>\t\t\t\t\t\t\t\t<\/div>\n\t\t\t\t<\/div>\n\t\t\t\t<div class=\"elementor-element elementor-element-8525df1 elementor-widget elementor-widget-text-editor\" data-id=\"8525df1\" data-element_type=\"widget\" data-e-type=\"widget\" data-widget_type=\"text-editor.default\">\n\t\t\t\t<div class=\"elementor-widget-container\">\n\t\t\t\t\t\t\t\t\t<p>Durante el mes de julio organizamos para ni\u00f1os de dos a diez a\u00f1os un campamento de verano en alem\u00e1n con actividades deportivas y l\u00fadicas, adem\u00e1s de una excursi\u00f3n semanal.<\/p><p>Paralelamente ofrecemos para ni\u00f1os de diez a catorce a\u00f1os un campamento tecnol\u00f3gico en espa\u00f1ol para ni\u00f1os interesados en rob\u00f3tica.<\/p>\t\t\t\t\t\t\t\t<\/div>\n\t\t\t\t<\/div>\n\t\t\t\t\t<\/div>\n\t\t<\/div>\n\t\t\t\t<div class=\"elementor-column elementor-col-50 elementor-top-column elementor-element elementor-element-fa055de\" data-id=\"fa055de\" data-element_type=\"column\" data-e-type=\"column\">\n\t\t\t<div class=\"elementor-widget-wrap elementor-element-populated\">\n\t\t\t\t\t\t<div class=\"elementor-element elementor-element-de7b2f4 elementor-widget elementor-widget-image\" data-id=\"de7b2f4\" data-element_type=\"widget\" data-e-type=\"widget\" data-widget_type=\"image.default\">\n\t\t\t\t<div class=\"elementor-widget-container\">\n\t\t\t\t\t\t\t\t\t\t\t\t\t\t\t<img loading=\"lazy\" decoding=\"async\" width=\"735\" height=\"508\" src=\"https:\/\/colegiosuizomadrid.com\/beta\/wp-content\/uploads\/2021\/02\/campamento-aleman.jpg\" class=\"attachment-large size-large wp-image-1386\" alt=\"\" srcset=\"https:\/\/colegiosuizomadrid.com\/beta\/wp-content\/uploads\/2021\/02\/campamento-aleman.jpg 735w, https:\/\/colegiosuizomadrid.com\/beta\/wp-content\/uploads\/2021\/02\/campamento-aleman-600x415.jpg 600w, https:\/\/colegiosuizomadrid.com\/beta\/wp-content\/uploads\/2021\/02\/campamento-aleman-300x207.jpg 300w\" sizes=\"(max-width: 735px) 100vw, 735px\" \/>\t\t\t\t\t\t\t\t\t\t\t\t\t\t\t<\/div>\n\t\t\t\t<\/div>\n\t\t\t\t\t<\/div>\n\t\t<\/div>\n\t\t\t\t\t<\/div>\n\t\t<\/section>\n\t\t\t\t<section class=\"elementor-section elementor-top-section elementor-element elementor-element-8573751 elementor-hidden-desktop elementor-hidden-tablet elementor-hidden-mobile elementor-section-boxed elementor-section-height-default elementor-section-height-default\" data-id=\"8573751\" data-element_type=\"section\" data-e-type=\"section\">\n\t\t\t\t\t\t<div class=\"elementor-container elementor-column-gap-default\">\n\t\t\t\t\t<div class=\"elementor-column elementor-col-50 elementor-top-column elementor-element elementor-element-7fcc621\" data-id=\"7fcc621\" data-element_type=\"column\" data-e-type=\"column\">\n\t\t\t<div class=\"elementor-widget-wrap elementor-element-populated\">\n\t\t\t\t\t\t<div class=\"elementor-element elementor-element-793e0ee elementor-widget elementor-widget-image\" data-id=\"793e0ee\" data-element_type=\"widget\" data-e-type=\"widget\" data-widget_type=\"image.default\">\n\t\t\t\t<div class=\"elementor-widget-container\">\n\t\t\t\t\t\t\t\t\t\t\t\t\t\t\t<img loading=\"lazy\" decoding=\"async\" width=\"771\" height=\"514\" src=\"https:\/\/colegiosuizomadrid.com\/beta\/wp-content\/uploads\/2021\/02\/campamento2.jpg\" class=\"attachment-large size-large wp-image-1387\" alt=\"\" srcset=\"https:\/\/colegiosuizomadrid.com\/beta\/wp-content\/uploads\/2021\/02\/campamento2.jpg 771w, https:\/\/colegiosuizomadrid.com\/beta\/wp-content\/uploads\/2021\/02\/campamento2-600x400.jpg 600w, https:\/\/colegiosuizomadrid.com\/beta\/wp-content\/uploads\/2021\/02\/campamento2-300x200.jpg 300w, https:\/\/colegiosuizomadrid.com\/beta\/wp-content\/uploads\/2021\/02\/campamento2-768x512.jpg 768w\" sizes=\"(max-width: 771px) 100vw, 771px\" \/>\t\t\t\t\t\t\t\t\t\t\t\t\t\t\t<\/div>\n\t\t\t\t<\/div>\n\t\t\t\t\t<\/div>\n\t\t<\/div>\n\t\t\t\t<div class=\"elementor-column elementor-col-50 elementor-top-column elementor-element elementor-element-698bac6\" data-id=\"698bac6\" data-element_type=\"column\" data-e-type=\"column\">\n\t\t\t<div class=\"elementor-widget-wrap elementor-element-populated\">\n\t\t\t\t\t\t<div class=\"elementor-element elementor-element-7034563 elementor-widget elementor-widget-text-editor\" data-id=\"7034563\" data-element_type=\"widget\" data-e-type=\"widget\" data-widget_type=\"text-editor.default\">\n\t\t\t\t<div class=\"elementor-widget-container\">\n\t\t\t\t\t\t\t\t\t<p>El campamento cubre una jornada de 8 de la ma\u00f1ana a 16.30h y est\u00e1 abierto tanto a alumnos del CSM, como a ni\u00f1os externos.<\/p><p><em>Debido a la situaci\u00f3n creada por la crisis sanitaria a causa del Covid-19, no nos es posible ofrecer nuestro tradicional \u201cSommerlager\u201d este a\u00f1o escolar 2020\/21.<\/em><\/p>\t\t\t\t\t\t\t\t<\/div>\n\t\t\t\t<\/div>\n\t\t\t\t\t<\/div>\n\t\t<\/div>\n\t\t\t\t\t<\/div>\n\t\t<\/section>\n\t\t\t\t<section class=\"elementor-section elementor-top-section elementor-element elementor-element-a56e724 elementor-section-boxed elementor-section-height-default elementor-section-height-default\" data-id=\"a56e724\" data-element_type=\"section\" data-e-type=\"section\">\n\t\t\t\t\t\t<div class=\"elementor-container elementor-column-gap-default\">\n\t\t\t\t\t<div class=\"elementor-column elementor-col-100 elementor-top-column elementor-element elementor-element-e0e9588\" data-id=\"e0e9588\" data-element_type=\"column\" data-e-type=\"column\">\n\t\t\t<div class=\"elementor-widget-wrap elementor-element-populated\">\n\t\t\t\t\t\t<div class=\"elementor-element elementor-element-bb6cf9f elementor-widget elementor-widget-spacer\" data-id=\"bb6cf9f\" data-element_type=\"widget\" data-e-type=\"widget\" data-widget_type=\"spacer.default\">\n\t\t\t\t<div class=\"elementor-widget-container\">\n\t\t\t\t\t\t\t<div class=\"elementor-spacer\">\n\t\t\t<div class=\"elementor-spacer-inner\"><\/div>\n\t\t<\/div>\n\t\t\t\t\t\t<\/div>\n\t\t\t\t<\/div>\n\t\t\t\t\t<\/div>\n\t\t<\/div>\n\t\t\t\t\t<\/div>\n\t\t<\/section>\n\t\t\t\t<section class=\"elementor-section elementor-top-section elementor-element elementor-element-d96d9ee elementor-section-boxed elementor-section-height-default elementor-section-height-default\" data-id=\"d96d9ee\" data-element_type=\"section\" data-e-type=\"section\">\n\t\t\t\t\t\t<div class=\"elementor-container elementor-column-gap-default\">\n\t\t\t\t\t<div class=\"elementor-column elementor-col-50 elementor-top-column elementor-element elementor-element-86852a9\" data-id=\"86852a9\" data-element_type=\"column\" data-e-type=\"column\">\n\t\t\t<div class=\"elementor-widget-wrap elementor-element-populated\">\n\t\t\t\t\t\t<div class=\"elementor-element elementor-element-c821772 elementor-widget elementor-widget-image\" data-id=\"c821772\" data-element_type=\"widget\" data-e-type=\"widget\" data-widget_type=\"image.default\">\n\t\t\t\t<div class=\"elementor-widget-container\">\n\t\t\t\t\t\t\t\t\t\t\t\t\t\t\t<img loading=\"lazy\" decoding=\"async\" width=\"800\" height=\"452\" src=\"https:\/\/colegiosuizomadrid.com\/beta\/wp-content\/uploads\/2023\/04\/folleto-cam-de-verano-futbol-2023-1-1024x579.jpg\" class=\"attachment-large size-large wp-image-26129\" alt=\"\" srcset=\"https:\/\/colegiosuizomadrid.com\/beta\/wp-content\/uploads\/2023\/04\/folleto-cam-de-verano-futbol-2023-1-1024x579.jpg 1024w, https:\/\/colegiosuizomadrid.com\/beta\/wp-content\/uploads\/2023\/04\/folleto-cam-de-verano-futbol-2023-1-300x170.jpg 300w, https:\/\/colegiosuizomadrid.com\/beta\/wp-content\/uploads\/2023\/04\/folleto-cam-de-verano-futbol-2023-1-768x435.jpg 768w, https:\/\/colegiosuizomadrid.com\/beta\/wp-content\/uploads\/2023\/04\/folleto-cam-de-verano-futbol-2023-1-200x113.jpg 200w, https:\/\/colegiosuizomadrid.com\/beta\/wp-content\/uploads\/2023\/04\/folleto-cam-de-verano-futbol-2023-1-600x340.jpg 600w, https:\/\/colegiosuizomadrid.com\/beta\/wp-content\/uploads\/2023\/04\/folleto-cam-de-verano-futbol-2023-1.jpg 1320w\" sizes=\"(max-width: 800px) 100vw, 800px\" \/>\t\t\t\t\t\t\t\t\t\t\t\t\t\t\t<\/div>\n\t\t\t\t<\/div>\n\t\t\t\t<div class=\"elementor-element elementor-element-2c66aac elementor-widget elementor-widget-text-editor\" data-id=\"2c66aac\" data-element_type=\"widget\" data-e-type=\"widget\" data-widget_type=\"text-editor.default\">\n\t\t\t\t<div class=\"elementor-widget-container\">\n\t\t\t\t\t\t\t\t\t<span style=\"color: #ff0000;\"><strong>Fussball-Camp<\/strong><\/span>\n\n&nbsp;\t\t\t\t\t\t\t\t<\/div>\n\t\t\t\t<\/div>\n\t\t\t\t<div class=\"elementor-element elementor-element-5f5a659 elementor-widget elementor-widget-text-editor\" data-id=\"5f5a659\" data-element_type=\"widget\" data-e-type=\"widget\" data-widget_type=\"text-editor.default\">\n\t\t\t\t<div class=\"elementor-widget-container\">\n\t\t\t\t\t\t\t\t\t<p>F\u00fcr Kinder, die zwischen 2019 und 2009 geboren wurden (beide eingeschlossen), von KG 1 bis 8. Klasse.<\/p>\t\t\t\t\t\t\t\t<\/div>\n\t\t\t\t<\/div>\n\t\t\t\t<div class=\"elementor-element elementor-element-28253f9 elementor-icon-list--layout-traditional elementor-list-item-link-full_width elementor-widget elementor-widget-icon-list\" data-id=\"28253f9\" data-element_type=\"widget\" data-e-type=\"widget\" data-widget_type=\"icon-list.default\">\n\t\t\t\t<div class=\"elementor-widget-container\">\n\t\t\t\t\t\t\t<ul class=\"elementor-icon-list-items\">\n\t\t\t\t\t\t\t<li class=\"elementor-icon-list-item\">\n\t\t\t\t\t\t\t\t\t\t<span class=\"elementor-icon-list-text\">Termine:<\/span>\n\t\t\t\t\t\t\t\t\t<\/li>\n\t\t\t\t\t\t<\/ul>\n\t\t\t\t\t\t<\/div>\n\t\t\t\t<\/div>\n\t\t\t\t<div class=\"elementor-element elementor-element-8f5c05f elementor-widget elementor-widget-text-editor\" data-id=\"8f5c05f\" data-element_type=\"widget\" data-e-type=\"widget\" data-widget_type=\"text-editor.default\">\n\t\t\t\t<div class=\"elementor-widget-container\">\n\t\t\t\t\t\t\t\t\t<ul><li><strong>Woche 1<\/strong>: 3. bis 7. Juli<\/li><li><strong>Woche 2<\/strong>: 10. bis 14. Juli<\/li><\/ul>\t\t\t\t\t\t\t\t<\/div>\n\t\t\t\t<\/div>\n\t\t\t\t<div class=\"elementor-element elementor-element-6ddc5af elementor-widget elementor-widget-text-editor\" data-id=\"6ddc5af\" data-element_type=\"widget\" data-e-type=\"widget\" data-widget_type=\"text-editor.default\">\n\t\t\t\t<div class=\"elementor-widget-container\">\n\t\t\t\t\t\t\t\t\t<p>Informationen zu den Aktivit\u00e4ten, Zeiten und Preisen in der Brochure.<\/p>\t\t\t\t\t\t\t\t<\/div>\n\t\t\t\t<\/div>\n\t\t\t\t<section class=\"elementor-section elementor-inner-section elementor-element elementor-element-a12162a elementor-section-boxed elementor-section-height-default elementor-section-height-default\" data-id=\"a12162a\" data-element_type=\"section\" data-e-type=\"section\">\n\t\t\t\t\t\t<div class=\"elementor-container elementor-column-gap-default\">\n\t\t\t\t\t<div class=\"elementor-column elementor-col-50 elementor-inner-column elementor-element elementor-element-7312cd9\" data-id=\"7312cd9\" data-element_type=\"column\" data-e-type=\"column\">\n\t\t\t<div class=\"elementor-widget-wrap elementor-element-populated\">\n\t\t\t\t\t\t<div class=\"elementor-element elementor-element-23bd12a elementor-icon-list--layout-traditional elementor-list-item-link-full_width elementor-widget elementor-widget-icon-list\" data-id=\"23bd12a\" data-element_type=\"widget\" data-e-type=\"widget\" data-widget_type=\"icon-list.default\">\n\t\t\t\t<div class=\"elementor-widget-container\">\n\t\t\t\t\t\t\t<ul class=\"elementor-icon-list-items\">\n\t\t\t\t\t\t\t<li class=\"elementor-icon-list-item\">\n\t\t\t\t\t\t\t\t\t\t\t<a href=\"https:\/\/colegiosuizomadrid.com\/beta\/wp-content\/uploads\/2023\/04\/CSM_Folleto_Campus_Futbol_2023_Familias-y-Alumni-CSM.pdf\" target=\"_blank\">\n\n\t\t\t\t\t\t\t\t\t\t\t\t<span class=\"elementor-icon-list-icon\">\n\t\t\t\t\t\t\t<i aria-hidden=\"true\" class=\"far fa-file-pdf\"><\/i>\t\t\t\t\t\t<\/span>\n\t\t\t\t\t\t\t\t\t\t<span class=\"elementor-icon-list-text\"><\/span>\n\t\t\t\t\t\t\t\t\t\t\t<\/a>\n\t\t\t\t\t\t\t\t\t<\/li>\n\t\t\t\t\t\t<\/ul>\n\t\t\t\t\t\t<\/div>\n\t\t\t\t<\/div>\n\t\t\t\t\t<\/div>\n\t\t<\/div>\n\t\t\t\t<div class=\"elementor-column elementor-col-50 elementor-inner-column elementor-element elementor-element-b286a6f\" data-id=\"b286a6f\" data-element_type=\"column\" data-e-type=\"column\">\n\t\t\t<div class=\"elementor-widget-wrap elementor-element-populated\">\n\t\t\t\t\t\t<div class=\"elementor-element elementor-element-f0ce27c elementor-widget elementor-widget-heading\" data-id=\"f0ce27c\" data-element_type=\"widget\" data-e-type=\"widget\" data-widget_type=\"heading.default\">\n\t\t\t\t<div class=\"elementor-widget-container\">\n\t\t\t\t\t<p class=\"elementor-heading-title elementor-size-default\"><a href=\"https:\/\/colegiosuizomadrid.com\/beta\/wp-content\/uploads\/2023\/04\/CSM_Folleto_Campus_Futbol_2023_Familias-y-Alumni-CSM.pdf\" target=\"_blank\">Brochure herunterladen f\u00fcr externe Kinder<\/a><\/p>\t\t\t\t<\/div>\n\t\t\t\t<\/div>\n\t\t\t\t\t<\/div>\n\t\t<\/div>\n\t\t\t\t\t<\/div>\n\t\t<\/section>\n\t\t\t\t<section class=\"elementor-section elementor-inner-section elementor-element elementor-element-5f11341 elementor-section-boxed elementor-section-height-default elementor-section-height-default\" data-id=\"5f11341\" data-element_type=\"section\" data-e-type=\"section\">\n\t\t\t\t\t\t<div class=\"elementor-container elementor-column-gap-default\">\n\t\t\t\t\t<div class=\"elementor-column elementor-col-50 elementor-inner-column elementor-element elementor-element-4d9e03e\" data-id=\"4d9e03e\" data-element_type=\"column\" data-e-type=\"column\">\n\t\t\t<div class=\"elementor-widget-wrap elementor-element-populated\">\n\t\t\t\t\t\t<div class=\"elementor-element elementor-element-13d3ece elementor-icon-list--layout-traditional elementor-list-item-link-full_width elementor-widget elementor-widget-icon-list\" data-id=\"13d3ece\" data-element_type=\"widget\" data-e-type=\"widget\" data-widget_type=\"icon-list.default\">\n\t\t\t\t<div class=\"elementor-widget-container\">\n\t\t\t\t\t\t\t<ul class=\"elementor-icon-list-items\">\n\t\t\t\t\t\t\t<li class=\"elementor-icon-list-item\">\n\t\t\t\t\t\t\t\t\t\t\t<a href=\"https:\/\/colegiosuizomadrid.com\/beta\/wp-content\/uploads\/2023\/04\/CSM_Folleto_Campus_Futbol_2023_EXTERNOS.pdf\" target=\"_blank\">\n\n\t\t\t\t\t\t\t\t\t\t\t\t<span class=\"elementor-icon-list-icon\">\n\t\t\t\t\t\t\t<i aria-hidden=\"true\" class=\"far fa-file-pdf\"><\/i>\t\t\t\t\t\t<\/span>\n\t\t\t\t\t\t\t\t\t\t<span class=\"elementor-icon-list-text\"><\/span>\n\t\t\t\t\t\t\t\t\t\t\t<\/a>\n\t\t\t\t\t\t\t\t\t<\/li>\n\t\t\t\t\t\t<\/ul>\n\t\t\t\t\t\t<\/div>\n\t\t\t\t<\/div>\n\t\t\t\t\t<\/div>\n\t\t<\/div>\n\t\t\t\t<div class=\"elementor-column elementor-col-50 elementor-inner-column elementor-element elementor-element-930299d\" data-id=\"930299d\" data-element_type=\"column\" data-e-type=\"column\">\n\t\t\t<div class=\"elementor-widget-wrap elementor-element-populated\">\n\t\t\t\t\t\t<div class=\"elementor-element elementor-element-2a7321c elementor-widget elementor-widget-heading\" data-id=\"2a7321c\" data-element_type=\"widget\" data-e-type=\"widget\" data-widget_type=\"heading.default\">\n\t\t\t\t<div class=\"elementor-widget-container\">\n\t\t\t\t\t<p class=\"elementor-heading-title elementor-size-default\"><a href=\"https:\/\/colegiosuizomadrid.com\/beta\/wp-content\/uploads\/2023\/04\/CSM_Folleto_Campus_Futbol_2023_EXTERNOS.pdf\" target=\"_blank\">Brochure herunterladen f\u00fcr Sch\u00fclerinnen und Sch\u00fcler des CSM + Kinder von ALUMNI CSM<\/a><\/p>\t\t\t\t<\/div>\n\t\t\t\t<\/div>\n\t\t\t\t\t<\/div>\n\t\t<\/div>\n\t\t\t\t\t<\/div>\n\t\t<\/section>\n\t\t\t\t\t<\/div>\n\t\t<\/div>\n\t\t\t\t<div class=\"elementor-column elementor-col-50 elementor-top-column elementor-element elementor-element-c79a2f3\" data-id=\"c79a2f3\" data-element_type=\"column\" data-e-type=\"column\">\n\t\t\t<div class=\"elementor-widget-wrap elementor-element-populated\">\n\t\t\t\t\t\t<div class=\"elementor-element elementor-element-00408da elementor-widget elementor-widget-image\" data-id=\"00408da\" data-element_type=\"widget\" data-e-type=\"widget\" data-widget_type=\"image.default\">\n\t\t\t\t<div class=\"elementor-widget-container\">\n\t\t\t\t\t\t\t\t\t\t\t\t\t\t\t<img loading=\"lazy\" decoding=\"async\" width=\"800\" height=\"452\" src=\"https:\/\/colegiosuizomadrid.com\/beta\/wp-content\/uploads\/2023\/04\/folleto-cam-de-verano-2023-1-1024x579.jpg\" class=\"attachment-large size-large wp-image-26131\" alt=\"\" srcset=\"https:\/\/colegiosuizomadrid.com\/beta\/wp-content\/uploads\/2023\/04\/folleto-cam-de-verano-2023-1-1024x579.jpg 1024w, https:\/\/colegiosuizomadrid.com\/beta\/wp-content\/uploads\/2023\/04\/folleto-cam-de-verano-2023-1-300x170.jpg 300w, https:\/\/colegiosuizomadrid.com\/beta\/wp-content\/uploads\/2023\/04\/folleto-cam-de-verano-2023-1-768x435.jpg 768w, https:\/\/colegiosuizomadrid.com\/beta\/wp-content\/uploads\/2023\/04\/folleto-cam-de-verano-2023-1-200x113.jpg 200w, https:\/\/colegiosuizomadrid.com\/beta\/wp-content\/uploads\/2023\/04\/folleto-cam-de-verano-2023-1-600x340.jpg 600w, https:\/\/colegiosuizomadrid.com\/beta\/wp-content\/uploads\/2023\/04\/folleto-cam-de-verano-2023-1.jpg 1320w\" sizes=\"(max-width: 800px) 100vw, 800px\" \/>\t\t\t\t\t\t\t\t\t\t\t\t\t\t\t<\/div>\n\t\t\t\t<\/div>\n\t\t\t\t<div class=\"elementor-element elementor-element-c4e9060 elementor-widget elementor-widget-text-editor\" data-id=\"c4e9060\" data-element_type=\"widget\" data-e-type=\"widget\" data-widget_type=\"text-editor.default\">\n\t\t\t\t<div class=\"elementor-widget-container\">\n\t\t\t\t\t\t\t\t\t<span style=\"color: #ff0000;\"><strong>Sommerlager<\/strong><\/span>\t\t\t\t\t\t\t\t<\/div>\n\t\t\t\t<\/div>\n\t\t\t\t<div class=\"elementor-element elementor-element-3be0968 elementor-widget elementor-widget-text-editor\" data-id=\"3be0968\" data-element_type=\"widget\" data-e-type=\"widget\" data-widget_type=\"text-editor.default\">\n\t\t\t\t<div class=\"elementor-widget-container\">\n\t\t\t\t\t\t\t\t\t<p>F\u00fcr Kinder, die zwischen 2021 und 2009 geboren wurden (beide eingeschlossen), PKG 1 bis 8. Klasse.<\/p>\t\t\t\t\t\t\t\t<\/div>\n\t\t\t\t<\/div>\n\t\t\t\t<div class=\"elementor-element elementor-element-b886527 elementor-icon-list--layout-traditional elementor-list-item-link-full_width elementor-widget elementor-widget-icon-list\" data-id=\"b886527\" data-element_type=\"widget\" data-e-type=\"widget\" data-widget_type=\"icon-list.default\">\n\t\t\t\t<div class=\"elementor-widget-container\">\n\t\t\t\t\t\t\t<ul class=\"elementor-icon-list-items\">\n\t\t\t\t\t\t\t<li class=\"elementor-icon-list-item\">\n\t\t\t\t\t\t\t\t\t\t<span class=\"elementor-icon-list-text\">Termine:<\/span>\n\t\t\t\t\t\t\t\t\t<\/li>\n\t\t\t\t\t\t<\/ul>\n\t\t\t\t\t\t<\/div>\n\t\t\t\t<\/div>\n\t\t\t\t<div class=\"elementor-element elementor-element-4e7a7d9 elementor-widget elementor-widget-text-editor\" data-id=\"4e7a7d9\" data-element_type=\"widget\" data-e-type=\"widget\" data-widget_type=\"text-editor.default\">\n\t\t\t\t<div class=\"elementor-widget-container\">\n\t\t\t\t\t\t\t\t\t<ul><li><p><strong>Woche 1<\/strong>: 3. bis 7. Juli<\/p><\/li><li><p><strong>Woche 2<\/strong>: 10. bis 14. Juli<\/p><\/li><li><p><strong>Woche 3<\/strong>: 17. bis 21. Juli<\/p><\/li><li><p><strong>Woche 4<\/strong>: 24. bis 28. Juli<\/p><\/li><\/ul>\t\t\t\t\t\t\t\t<\/div>\n\t\t\t\t<\/div>\n\t\t\t\t<div class=\"elementor-element elementor-element-115ccd3 elementor-widget elementor-widget-text-editor\" data-id=\"115ccd3\" data-element_type=\"widget\" data-e-type=\"widget\" data-widget_type=\"text-editor.default\">\n\t\t\t\t<div class=\"elementor-widget-container\">\n\t\t\t\t\t\t\t\t\t<p>Informationen zu den Aktivit\u00e4ten, Zeiten und Preisen in der Brochure.<\/p>\t\t\t\t\t\t\t\t<\/div>\n\t\t\t\t<\/div>\n\t\t\t\t<section class=\"elementor-section elementor-inner-section elementor-element elementor-element-30eac9c elementor-section-boxed elementor-section-height-default elementor-section-height-default\" data-id=\"30eac9c\" data-element_type=\"section\" data-e-type=\"section\">\n\t\t\t\t\t\t<div class=\"elementor-container elementor-column-gap-default\">\n\t\t\t\t\t<div class=\"elementor-column elementor-col-50 elementor-inner-column elementor-element elementor-element-9d47d44\" data-id=\"9d47d44\" data-element_type=\"column\" data-e-type=\"column\">\n\t\t\t<div class=\"elementor-widget-wrap elementor-element-populated\">\n\t\t\t\t\t\t<div class=\"elementor-element elementor-element-8326456 elementor-icon-list--layout-traditional elementor-list-item-link-full_width elementor-widget elementor-widget-icon-list\" data-id=\"8326456\" data-element_type=\"widget\" data-e-type=\"widget\" data-widget_type=\"icon-list.default\">\n\t\t\t\t<div class=\"elementor-widget-container\">\n\t\t\t\t\t\t\t<ul class=\"elementor-icon-list-items\">\n\t\t\t\t\t\t\t<li class=\"elementor-icon-list-item\">\n\t\t\t\t\t\t\t\t\t\t\t<a href=\"https:\/\/colegiosuizomadrid.com\/beta\/wp-content\/uploads\/2023\/04\/CSM_Folleto_Campamento_Verano-2023_Familias-y-Alumni-CSM.pdf\" target=\"_blank\">\n\n\t\t\t\t\t\t\t\t\t\t\t\t<span class=\"elementor-icon-list-icon\">\n\t\t\t\t\t\t\t<i aria-hidden=\"true\" class=\"far fa-file-pdf\"><\/i>\t\t\t\t\t\t<\/span>\n\t\t\t\t\t\t\t\t\t\t<span class=\"elementor-icon-list-text\"><\/span>\n\t\t\t\t\t\t\t\t\t\t\t<\/a>\n\t\t\t\t\t\t\t\t\t<\/li>\n\t\t\t\t\t\t<\/ul>\n\t\t\t\t\t\t<\/div>\n\t\t\t\t<\/div>\n\t\t\t\t\t<\/div>\n\t\t<\/div>\n\t\t\t\t<div class=\"elementor-column elementor-col-50 elementor-inner-column elementor-element elementor-element-122a5c6\" data-id=\"122a5c6\" data-element_type=\"column\" data-e-type=\"column\">\n\t\t\t<div class=\"elementor-widget-wrap elementor-element-populated\">\n\t\t\t\t\t\t<div class=\"elementor-element elementor-element-ac90c51 elementor-widget elementor-widget-heading\" data-id=\"ac90c51\" data-element_type=\"widget\" data-e-type=\"widget\" data-widget_type=\"heading.default\">\n\t\t\t\t<div class=\"elementor-widget-container\">\n\t\t\t\t\t<p class=\"elementor-heading-title elementor-size-default\"><a href=\"https:\/\/colegiosuizomadrid.com\/beta\/wp-content\/uploads\/2023\/04\/CSM_Folleto_Campamento_Verano-2023_Familias-y-Alumni-CSM.pdf\" target=\"_blank\">Brochure herunterladen f\u00fcr externe Kinder<\/a><\/p>\t\t\t\t<\/div>\n\t\t\t\t<\/div>\n\t\t\t\t\t<\/div>\n\t\t<\/div>\n\t\t\t\t\t<\/div>\n\t\t<\/section>\n\t\t\t\t<section class=\"elementor-section elementor-inner-section elementor-element elementor-element-4ed204a elementor-section-boxed elementor-section-height-default elementor-section-height-default\" data-id=\"4ed204a\" data-element_type=\"section\" data-e-type=\"section\">\n\t\t\t\t\t\t<div class=\"elementor-container elementor-column-gap-default\">\n\t\t\t\t\t<div class=\"elementor-column elementor-col-50 elementor-inner-column elementor-element elementor-element-6759062\" data-id=\"6759062\" data-element_type=\"column\" data-e-type=\"column\">\n\t\t\t<div class=\"elementor-widget-wrap elementor-element-populated\">\n\t\t\t\t\t\t<div class=\"elementor-element elementor-element-1d35ed1 elementor-icon-list--layout-traditional elementor-list-item-link-full_width elementor-widget elementor-widget-icon-list\" data-id=\"1d35ed1\" data-element_type=\"widget\" data-e-type=\"widget\" data-widget_type=\"icon-list.default\">\n\t\t\t\t<div class=\"elementor-widget-container\">\n\t\t\t\t\t\t\t<ul class=\"elementor-icon-list-items\">\n\t\t\t\t\t\t\t<li class=\"elementor-icon-list-item\">\n\t\t\t\t\t\t\t\t\t\t\t<a href=\"https:\/\/colegiosuizomadrid.com\/beta\/wp-content\/uploads\/2023\/04\/CSM_Folleto_Campamento_Verano_2023_EXTERNOS.pdf\" target=\"_blank\">\n\n\t\t\t\t\t\t\t\t\t\t\t\t<span class=\"elementor-icon-list-icon\">\n\t\t\t\t\t\t\t<i aria-hidden=\"true\" class=\"far fa-file-pdf\"><\/i>\t\t\t\t\t\t<\/span>\n\t\t\t\t\t\t\t\t\t\t<span class=\"elementor-icon-list-text\"><\/span>\n\t\t\t\t\t\t\t\t\t\t\t<\/a>\n\t\t\t\t\t\t\t\t\t<\/li>\n\t\t\t\t\t\t<\/ul>\n\t\t\t\t\t\t<\/div>\n\t\t\t\t<\/div>\n\t\t\t\t\t<\/div>\n\t\t<\/div>\n\t\t\t\t<div class=\"elementor-column elementor-col-50 elementor-inner-column elementor-element elementor-element-85ae7a9\" data-id=\"85ae7a9\" data-element_type=\"column\" data-e-type=\"column\">\n\t\t\t<div class=\"elementor-widget-wrap elementor-element-populated\">\n\t\t\t\t\t\t<div class=\"elementor-element elementor-element-f4e2f87 elementor-widget elementor-widget-heading\" data-id=\"f4e2f87\" data-element_type=\"widget\" data-e-type=\"widget\" data-widget_type=\"heading.default\">\n\t\t\t\t<div class=\"elementor-widget-container\">\n\t\t\t\t\t<p class=\"elementor-heading-title elementor-size-default\"><a href=\"https:\/\/colegiosuizomadrid.com\/beta\/wp-content\/uploads\/2023\/04\/CSM_Folleto_Campamento_Verano_2023_EXTERNOS.pdf\" target=\"_blank\">Brochure herunterladen f\u00fcr Sch\u00fclerinnen und Sch\u00fcler des CSM + Kinder von ALUMNI CSM<\/a><\/p>\t\t\t\t<\/div>\n\t\t\t\t<\/div>\n\t\t\t\t\t<\/div>\n\t\t<\/div>\n\t\t\t\t\t<\/div>\n\t\t<\/section>\n\t\t\t\t\t<\/div>\n\t\t<\/div>\n\t\t\t\t\t<\/div>\n\t\t<\/section>\n\t\t\t\t<section class=\"elementor-section elementor-top-section elementor-element elementor-element-a8c040c elementor-section-boxed elementor-section-height-default elementor-section-height-default\" data-id=\"a8c040c\" data-element_type=\"section\" data-e-type=\"section\">\n\t\t\t\t\t\t<div class=\"elementor-container elementor-column-gap-default\">\n\t\t\t\t\t<div class=\"elementor-column elementor-col-100 elementor-top-column elementor-element elementor-element-e9fbd18\" data-id=\"e9fbd18\" data-element_type=\"column\" data-e-type=\"column\">\n\t\t\t<div class=\"elementor-widget-wrap elementor-element-populated\">\n\t\t\t\t\t\t<div class=\"elementor-element elementor-element-c860fcd elementor-widget elementor-widget-spacer\" data-id=\"c860fcd\" data-element_type=\"widget\" data-e-type=\"widget\" data-widget_type=\"spacer.default\">\n\t\t\t\t<div class=\"elementor-widget-container\">\n\t\t\t\t\t\t\t<div class=\"elementor-spacer\">\n\t\t\t<div class=\"elementor-spacer-inner\"><\/div>\n\t\t<\/div>\n\t\t\t\t\t\t<\/div>\n\t\t\t\t<\/div>\n\t\t\t\t\t<\/div>\n\t\t<\/div>\n\t\t\t\t\t<\/div>\n\t\t<\/section>\n\t\t\t\t<\/div>\n\t\t","protected":false},"excerpt":{"rendered":"<p>Sommerlager VIDA ESCOLAR \/ Campamento de verano Bilinguales SommerlagerDeutsch &#8211; Spanisch Wir stellen das Angebot f\u00fcr unser Sommerlager im Juli vor, das ein zus\u00e4tzliches Sport- und Freizeitangebot anbietet. Dieses richtet sich sowohl an unsere Sch\u00fclerinnen und Sch\u00fcler als auch an externe Kinder, die uns kennenlernen und die angebotenen Aktivit\u00e4ten geniessen m\u00f6chten. In Zusammenarbeit mit Cultural [&hellip;]<\/p>\n","protected":false},"author":1,"featured_media":0,"parent":0,"menu_order":0,"comment_status":"closed","ping_status":"closed","template":"","meta":{"footnotes":""},"class_list":["post-16493","page","type-page","status-publish","hentry"],"yoast_head":"<!-- This site is optimized with the Yoast SEO plugin v27.5 - https:\/\/yoast.com\/product\/yoast-seo-wordpress\/ -->\n<title>SOMMERLAGER - Colegio Suizo de Madrid<\/title>\n<meta name=\"robots\" content=\"index, follow, max-snippet:-1, max-image-preview:large, max-video-preview:-1\" \/>\n<link rel=\"canonical\" href=\"https:\/\/colegiosuizomadrid.com\/campamento-de-verano-2023\/\" \/>\n<meta property=\"og:locale\" content=\"de_DE\" \/>\n<meta property=\"og:type\" content=\"article\" \/>\n<meta property=\"og:title\" content=\"SOMMERLAGER - Colegio Suizo de Madrid\" \/>\n<meta property=\"og:description\" content=\"Sommerlager VIDA ESCOLAR \/ Campamento de verano Bilinguales SommerlagerDeutsch &#8211; Spanisch Wir stellen das Angebot f\u00fcr unser Sommerlager im Juli vor, das ein zus\u00e4tzliches Sport- und Freizeitangebot anbietet. Dieses richtet sich sowohl an unsere Sch\u00fclerinnen und Sch\u00fcler als auch an externe Kinder, die uns kennenlernen und die angebotenen Aktivit\u00e4ten geniessen m\u00f6chten. In Zusammenarbeit mit Cultural [&hellip;]\" \/>\n<meta property=\"og:url\" content=\"https:\/\/colegiosuizomadrid.com\/campamento-de-verano-2023\/\" \/>\n<meta property=\"og:site_name\" content=\"Colegio Suizo de Madrid\" \/>\n<meta property=\"article:modified_time\" content=\"2023-06-21T15:17:16+00:00\" \/>\n<meta property=\"og:image\" content=\"https:\/\/colegiosuizomadrid.com\/beta\/wp-content\/uploads\/2023\/04\/img_-2-8-1.png\" \/>\n<meta name=\"twitter:card\" content=\"summary_large_image\" \/>\n<meta name=\"twitter:label1\" content=\"Gesch\u00e4tzte Lesezeit\" \/>\n\t<meta name=\"twitter:data1\" content=\"3\u00a0Minuten\" \/>\n<script type=\"application\/ld+json\" class=\"yoast-schema-graph\">{\"@context\":\"https:\\\/\\\/schema.org\",\"@graph\":[{\"@type\":\"WebPage\",\"@id\":\"https:\\\/\\\/colegiosuizomadrid.com\\\/campamento-de-verano-2023\\\/\",\"url\":\"https:\\\/\\\/colegiosuizomadrid.com\\\/campamento-de-verano-2023\\\/\",\"name\":\"SOMMERLAGER - Colegio Suizo de Madrid\",\"isPartOf\":{\"@id\":\"https:\\\/\\\/colegiosuizomadrid.com\\\/#website\"},\"primaryImageOfPage\":{\"@id\":\"https:\\\/\\\/colegiosuizomadrid.com\\\/campamento-de-verano-2023\\\/#primaryimage\"},\"image\":{\"@id\":\"https:\\\/\\\/colegiosuizomadrid.com\\\/campamento-de-verano-2023\\\/#primaryimage\"},\"thumbnailUrl\":\"https:\\\/\\\/colegiosuizomadrid.com\\\/beta\\\/wp-content\\\/uploads\\\/2023\\\/04\\\/img_-2-8-1.png\",\"datePublished\":\"2021-02-24T15:39:29+00:00\",\"dateModified\":\"2023-06-21T15:17:16+00:00\",\"breadcrumb\":{\"@id\":\"https:\\\/\\\/colegiosuizomadrid.com\\\/campamento-de-verano-2023\\\/#breadcrumb\"},\"inLanguage\":\"de\",\"potentialAction\":[{\"@type\":\"ReadAction\",\"target\":[\"https:\\\/\\\/colegiosuizomadrid.com\\\/campamento-de-verano-2023\\\/\"]}]},{\"@type\":\"ImageObject\",\"inLanguage\":\"de\",\"@id\":\"https:\\\/\\\/colegiosuizomadrid.com\\\/campamento-de-verano-2023\\\/#primaryimage\",\"url\":\"https:\\\/\\\/colegiosuizomadrid.com\\\/beta\\\/wp-content\\\/uploads\\\/2023\\\/04\\\/img_-2-8-1.png\",\"contentUrl\":\"https:\\\/\\\/colegiosuizomadrid.com\\\/beta\\\/wp-content\\\/uploads\\\/2023\\\/04\\\/img_-2-8-1.png\"},{\"@type\":\"BreadcrumbList\",\"@id\":\"https:\\\/\\\/colegiosuizomadrid.com\\\/campamento-de-verano-2023\\\/#breadcrumb\",\"itemListElement\":[{\"@type\":\"ListItem\",\"position\":1,\"name\":\"Portada\",\"item\":\"https:\\\/\\\/colegiosuizomadrid.com\\\/\"},{\"@type\":\"ListItem\",\"position\":2,\"name\":\"SOMMERLAGER\"}]},{\"@type\":\"WebSite\",\"@id\":\"https:\\\/\\\/colegiosuizomadrid.com\\\/#website\",\"url\":\"https:\\\/\\\/colegiosuizomadrid.com\\\/\",\"name\":\"Colegio Suizo de Madrid\",\"description\":\"\",\"publisher\":{\"@id\":\"https:\\\/\\\/colegiosuizomadrid.com\\\/#organization\"},\"potentialAction\":[{\"@type\":\"SearchAction\",\"target\":{\"@type\":\"EntryPoint\",\"urlTemplate\":\"https:\\\/\\\/colegiosuizomadrid.com\\\/?s={search_term_string}\"},\"query-input\":{\"@type\":\"PropertyValueSpecification\",\"valueRequired\":true,\"valueName\":\"search_term_string\"}}],\"inLanguage\":\"de\"},{\"@type\":\"Organization\",\"@id\":\"https:\\\/\\\/colegiosuizomadrid.com\\\/#organization\",\"name\":\"Colegio Suizo de Madrid\",\"url\":\"https:\\\/\\\/colegiosuizomadrid.com\\\/\",\"logo\":{\"@type\":\"ImageObject\",\"inLanguage\":\"de\",\"@id\":\"https:\\\/\\\/colegiosuizomadrid.com\\\/#\\\/schema\\\/logo\\\/image\\\/\",\"url\":\"https:\\\/\\\/colegiosuizomadrid.com\\\/beta\\\/wp-content\\\/uploads\\\/2020\\\/03\\\/Logo-50-Aniv-Colegio-Suizo-Madrid-1.png\",\"contentUrl\":\"https:\\\/\\\/colegiosuizomadrid.com\\\/beta\\\/wp-content\\\/uploads\\\/2020\\\/03\\\/Logo-50-Aniv-Colegio-Suizo-Madrid-1.png\",\"width\":300,\"height\":75,\"caption\":\"Colegio Suizo de Madrid\"},\"image\":{\"@id\":\"https:\\\/\\\/colegiosuizomadrid.com\\\/#\\\/schema\\\/logo\\\/image\\\/\"}}]}<\/script>\n<!-- \/ Yoast SEO plugin. -->","yoast_head_json":{"title":"SOMMERLAGER - Colegio Suizo de Madrid","robots":{"index":"index","follow":"follow","max-snippet":"max-snippet:-1","max-image-preview":"max-image-preview:large","max-video-preview":"max-video-preview:-1"},"canonical":"https:\/\/colegiosuizomadrid.com\/campamento-de-verano-2023\/","og_locale":"de_DE","og_type":"article","og_title":"SOMMERLAGER - Colegio Suizo de Madrid","og_description":"Sommerlager VIDA ESCOLAR \/ Campamento de verano Bilinguales SommerlagerDeutsch &#8211; Spanisch Wir stellen das Angebot f\u00fcr unser Sommerlager im Juli vor, das ein zus\u00e4tzliches Sport- und Freizeitangebot anbietet. Dieses richtet sich sowohl an unsere Sch\u00fclerinnen und Sch\u00fcler als auch an externe Kinder, die uns kennenlernen und die angebotenen Aktivit\u00e4ten geniessen m\u00f6chten. In Zusammenarbeit mit Cultural [&hellip;]","og_url":"https:\/\/colegiosuizomadrid.com\/campamento-de-verano-2023\/","og_site_name":"Colegio Suizo de Madrid","article_modified_time":"2023-06-21T15:17:16+00:00","og_image":[{"url":"https:\/\/colegiosuizomadrid.com\/beta\/wp-content\/uploads\/2023\/04\/img_-2-8-1.png","type":"","width":"","height":""}],"twitter_card":"summary_large_image","twitter_misc":{"Gesch\u00e4tzte Lesezeit":"3\u00a0Minuten"},"schema":{"@context":"https:\/\/schema.org","@graph":[{"@type":"WebPage","@id":"https:\/\/colegiosuizomadrid.com\/campamento-de-verano-2023\/","url":"https:\/\/colegiosuizomadrid.com\/campamento-de-verano-2023\/","name":"SOMMERLAGER - Colegio Suizo de Madrid","isPartOf":{"@id":"https:\/\/colegiosuizomadrid.com\/#website"},"primaryImageOfPage":{"@id":"https:\/\/colegiosuizomadrid.com\/campamento-de-verano-2023\/#primaryimage"},"image":{"@id":"https:\/\/colegiosuizomadrid.com\/campamento-de-verano-2023\/#primaryimage"},"thumbnailUrl":"https:\/\/colegiosuizomadrid.com\/beta\/wp-content\/uploads\/2023\/04\/img_-2-8-1.png","datePublished":"2021-02-24T15:39:29+00:00","dateModified":"2023-06-21T15:17:16+00:00","breadcrumb":{"@id":"https:\/\/colegiosuizomadrid.com\/campamento-de-verano-2023\/#breadcrumb"},"inLanguage":"de","potentialAction":[{"@type":"ReadAction","target":["https:\/\/colegiosuizomadrid.com\/campamento-de-verano-2023\/"]}]},{"@type":"ImageObject","inLanguage":"de","@id":"https:\/\/colegiosuizomadrid.com\/campamento-de-verano-2023\/#primaryimage","url":"https:\/\/colegiosuizomadrid.com\/beta\/wp-content\/uploads\/2023\/04\/img_-2-8-1.png","contentUrl":"https:\/\/colegiosuizomadrid.com\/beta\/wp-content\/uploads\/2023\/04\/img_-2-8-1.png"},{"@type":"BreadcrumbList","@id":"https:\/\/colegiosuizomadrid.com\/campamento-de-verano-2023\/#breadcrumb","itemListElement":[{"@type":"ListItem","position":1,"name":"Portada","item":"https:\/\/colegiosuizomadrid.com\/"},{"@type":"ListItem","position":2,"name":"SOMMERLAGER"}]},{"@type":"WebSite","@id":"https:\/\/colegiosuizomadrid.com\/#website","url":"https:\/\/colegiosuizomadrid.com\/","name":"Colegio Suizo de Madrid","description":"","publisher":{"@id":"https:\/\/colegiosuizomadrid.com\/#organization"},"potentialAction":[{"@type":"SearchAction","target":{"@type":"EntryPoint","urlTemplate":"https:\/\/colegiosuizomadrid.com\/?s={search_term_string}"},"query-input":{"@type":"PropertyValueSpecification","valueRequired":true,"valueName":"search_term_string"}}],"inLanguage":"de"},{"@type":"Organization","@id":"https:\/\/colegiosuizomadrid.com\/#organization","name":"Colegio Suizo de Madrid","url":"https:\/\/colegiosuizomadrid.com\/","logo":{"@type":"ImageObject","inLanguage":"de","@id":"https:\/\/colegiosuizomadrid.com\/#\/schema\/logo\/image\/","url":"https:\/\/colegiosuizomadrid.com\/beta\/wp-content\/uploads\/2020\/03\/Logo-50-Aniv-Colegio-Suizo-Madrid-1.png","contentUrl":"https:\/\/colegiosuizomadrid.com\/beta\/wp-content\/uploads\/2020\/03\/Logo-50-Aniv-Colegio-Suizo-Madrid-1.png","width":300,"height":75,"caption":"Colegio Suizo de Madrid"},"image":{"@id":"https:\/\/colegiosuizomadrid.com\/#\/schema\/logo\/image\/"}}]}},"_links":{"self":[{"href":"https:\/\/colegiosuizomadrid.com\/de\/wp-json\/wp\/v2\/pages\/16493","targetHints":{"allow":["GET"]}}],"collection":[{"href":"https:\/\/colegiosuizomadrid.com\/de\/wp-json\/wp\/v2\/pages"}],"about":[{"href":"https:\/\/colegiosuizomadrid.com\/de\/wp-json\/wp\/v2\/types\/page"}],"author":[{"embeddable":true,"href":"https:\/\/colegiosuizomadrid.com\/de\/wp-json\/wp\/v2\/users\/1"}],"replies":[{"embeddable":true,"href":"https:\/\/colegiosuizomadrid.com\/de\/wp-json\/wp\/v2\/comments?post=16493"}],"version-history":[{"count":99,"href":"https:\/\/colegiosuizomadrid.com\/de\/wp-json\/wp\/v2\/pages\/16493\/revisions"}],"predecessor-version":[{"id":27244,"href":"https:\/\/colegiosuizomadrid.com\/de\/wp-json\/wp\/v2\/pages\/16493\/revisions\/27244"}],"wp:attachment":[{"href":"https:\/\/colegiosuizomadrid.com\/de\/wp-json\/wp\/v2\/media?parent=16493"}],"curies":[{"name":"wp","href":"https:\/\/api.w.org\/{rel}","templated":true}]}}