{"id":16387,"date":"2021-02-08T14:57:22","date_gmt":"2021-02-08T14:57:22","guid":{"rendered":"https:\/\/colegiosuizomadrid.com\/beta\/etapas-educativas\/primaria\/"},"modified":"2024-02-07T20:30:56","modified_gmt":"2024-02-07T18:30:56","slug":"primarschule","status":"publish","type":"page","link":"https:\/\/colegiosuizomadrid.com\/de\/shulstufen\/primarschule\/","title":{"rendered":"PRIMARSCHULE"},"content":{"rendered":"\t\t<div data-elementor-type=\"wp-page\" data-elementor-id=\"16387\" class=\"elementor elementor-16387 elementor-117\" data-elementor-post-type=\"page\">\n\t\t\t\t\t\t<section class=\"elementor-section elementor-top-section elementor-element elementor-element-5b03ad6 elementor-section-height-min-height elementor-section-boxed elementor-section-height-default elementor-section-items-middle\" data-id=\"5b03ad6\" data-element_type=\"section\" data-e-type=\"section\" data-settings=\"{&quot;background_background&quot;:&quot;video&quot;,&quot;background_video_link&quot;:&quot;https:\\\/\\\/colegiosuizomadrid.com\\\/beta\\\/wp-content\\\/uploads\\\/2021\\\/03\\\/bosque.mp4&quot;}\">\n\t\t\t\t\t\t\t\t<div class=\"elementor-background-video-container elementor-hidden-mobile\">\n\t\t\t\t\t\t\t\t\t\t\t\t\t<video class=\"elementor-background-video-hosted\" role=\"presentation\" autoplay muted playsinline loop><\/video>\n\t\t\t\t\t\t\t\t\t\t\t<\/div>\n\t\t\t\t\t\t\t\t\t<div class=\"elementor-background-overlay\"><\/div>\n\t\t\t\t\t\t\t<div class=\"elementor-container elementor-column-gap-default\">\n\t\t\t\t\t<div class=\"elementor-column elementor-col-50 elementor-top-column elementor-element elementor-element-85825d4\" data-id=\"85825d4\" data-element_type=\"column\" data-e-type=\"column\">\n\t\t\t<div class=\"elementor-widget-wrap elementor-element-populated\">\n\t\t\t\t\t\t<div class=\"elementor-element elementor-element-cc79842 elementor-widget elementor-widget-heading\" data-id=\"cc79842\" data-element_type=\"widget\" data-e-type=\"widget\" data-widget_type=\"heading.default\">\n\t\t\t\t<div class=\"elementor-widget-container\">\n\t\t\t\t\t<h2 class=\"elementor-heading-title elementor-size-default\">SCHULSTUFEN<\/h2>\t\t\t\t<\/div>\n\t\t\t\t<\/div>\n\t\t\t\t<div class=\"elementor-element elementor-element-7e9d026 elementor-widget elementor-widget-heading\" data-id=\"7e9d026\" data-element_type=\"widget\" data-e-type=\"widget\" data-widget_type=\"heading.default\">\n\t\t\t\t<div class=\"elementor-widget-container\">\n\t\t\t\t\t<h2 class=\"elementor-heading-title elementor-size-default\">PRIMARSCHULE\n<\/h2>\t\t\t\t<\/div>\n\t\t\t\t<\/div>\n\t\t\t\t\t<\/div>\n\t\t<\/div>\n\t\t\t\t<div class=\"elementor-column elementor-col-50 elementor-top-column elementor-element elementor-element-8842927\" data-id=\"8842927\" data-element_type=\"column\" data-e-type=\"column\">\n\t\t\t<div class=\"elementor-widget-wrap\">\n\t\t\t\t\t\t\t<\/div>\n\t\t<\/div>\n\t\t\t\t\t<\/div>\n\t\t<\/section>\n\t\t\t\t<section class=\"elementor-section elementor-top-section elementor-element elementor-element-5b5d3ea elementor-section-boxed elementor-section-height-default elementor-section-height-default\" data-id=\"5b5d3ea\" data-element_type=\"section\" data-e-type=\"section\">\n\t\t\t\t\t\t<div class=\"elementor-container elementor-column-gap-default\">\n\t\t\t\t\t<div class=\"elementor-column elementor-col-100 elementor-top-column elementor-element elementor-element-e93b47d\" data-id=\"e93b47d\" data-element_type=\"column\" data-e-type=\"column\">\n\t\t\t<div class=\"elementor-widget-wrap elementor-element-populated\">\n\t\t\t\t\t\t<div class=\"elementor-element elementor-element-138a754 elementor-widget elementor-widget-text-editor\" data-id=\"138a754\" data-element_type=\"widget\" data-e-type=\"widget\" data-widget_type=\"text-editor.default\">\n\t\t\t\t<div class=\"elementor-widget-container\">\n\t\t\t\t\t\t\t\t\t<p><span style=\"color: #ff0000;\">BILDUNG<\/span> \/ SHULSTUFEN \/ Primarschule<\/p>\t\t\t\t\t\t\t\t<\/div>\n\t\t\t\t<\/div>\n\t\t\t\t\t<\/div>\n\t\t<\/div>\n\t\t\t\t\t<\/div>\n\t\t<\/section>\n\t\t\t\t<section class=\"elementor-section elementor-top-section elementor-element elementor-element-c37747e elementor-section-boxed elementor-section-height-default elementor-section-height-default\" data-id=\"c37747e\" data-element_type=\"section\" data-e-type=\"section\">\n\t\t\t\t\t\t<div class=\"elementor-container elementor-column-gap-default\">\n\t\t\t\t\t<div class=\"elementor-column elementor-col-100 elementor-top-column elementor-element elementor-element-98554ca\" data-id=\"98554ca\" data-element_type=\"column\" data-e-type=\"column\">\n\t\t\t<div class=\"elementor-widget-wrap elementor-element-populated\">\n\t\t\t\t\t\t<div class=\"elementor-element elementor-element-4e877a2 elementor-widget elementor-widget-text-editor\" data-id=\"4e877a2\" data-element_type=\"widget\" data-e-type=\"widget\" data-widget_type=\"text-editor.default\">\n\t\t\t\t<div class=\"elementor-widget-container\">\n\t\t\t\t\t\t\t\t\t<p><span style=\"color: #ff0000;\"><strong> Primarschule<\/strong><\/span> (1. und 2. Klasse)\u00a0<\/p>\t\t\t\t\t\t\t\t<\/div>\n\t\t\t\t<\/div>\n\t\t\t\t\t<\/div>\n\t\t<\/div>\n\t\t\t\t\t<\/div>\n\t\t<\/section>\n\t\t\t\t<section class=\"elementor-section elementor-top-section elementor-element elementor-element-e9b613e elementor-section-boxed elementor-section-height-default elementor-section-height-default\" data-id=\"e9b613e\" data-element_type=\"section\" data-e-type=\"section\">\n\t\t\t\t\t\t<div class=\"elementor-container elementor-column-gap-default\">\n\t\t\t\t\t<div class=\"elementor-column elementor-col-50 elementor-top-column elementor-element elementor-element-2c040d2\" data-id=\"2c040d2\" data-element_type=\"column\" data-e-type=\"column\">\n\t\t\t<div class=\"elementor-widget-wrap elementor-element-populated\">\n\t\t\t\t\t\t<div class=\"elementor-element elementor-element-a1db1cc elementor-widget elementor-widget-text-editor\" data-id=\"a1db1cc\" data-element_type=\"widget\" data-e-type=\"widget\" data-widget_type=\"text-editor.default\">\n\t\t\t\t<div class=\"elementor-widget-container\">\n\t\t\t\t\t\t\t\t\t<p class=\"p1\"><b>Die Sch\u00fclerinnen und Sch\u00fcler sind die Hauptdarsteller ihres Lernens.<\/b>\u00a0<b> Sie lernen die Welt kennen, indem sie handeln, entdecken und untersuchen.<\/b><\/p><p class=\"p1\">Unsere Sch\u00fclerinnen und Sch\u00fcler lernen und arbeiten in einem famili\u00e4ren, freundlichen und kreativen Umfeld. Der Schulalltag ist von einer ganzheitlichen F\u00f6rderung gepr\u00e4gt, in der die fachliche<span class=\"Apple-converted-space\">\u00a0 <\/span>Kompetenz mit der sozialen und<span class=\"Apple-converted-space\">\u00a0 <\/span>personalen Kompetenz im Einklang steht.\u00a0<\/p>\t\t\t\t\t\t\t\t<\/div>\n\t\t\t\t<\/div>\n\t\t\t\t\t<\/div>\n\t\t<\/div>\n\t\t\t\t<div class=\"elementor-column elementor-col-50 elementor-top-column elementor-element elementor-element-a504445\" data-id=\"a504445\" data-element_type=\"column\" data-e-type=\"column\">\n\t\t\t<div class=\"elementor-widget-wrap elementor-element-populated\">\n\t\t\t\t\t\t<section class=\"elementor-section elementor-inner-section elementor-element elementor-element-bb93269 elementor-section-boxed elementor-section-height-default elementor-section-height-default\" data-id=\"bb93269\" data-element_type=\"section\" data-e-type=\"section\">\n\t\t\t\t\t\t<div class=\"elementor-container elementor-column-gap-default\">\n\t\t\t\t\t<div class=\"elementor-column elementor-col-50 elementor-inner-column elementor-element elementor-element-537be8c\" data-id=\"537be8c\" data-element_type=\"column\" data-e-type=\"column\">\n\t\t\t<div class=\"elementor-widget-wrap elementor-element-populated\">\n\t\t\t\t\t\t<div class=\"elementor-element elementor-element-1c7191e elementor-widget elementor-widget-image\" data-id=\"1c7191e\" data-element_type=\"widget\" data-e-type=\"widget\" data-widget_type=\"image.default\">\n\t\t\t\t<div class=\"elementor-widget-container\">\n\t\t\t\t\t\t\t\t\t\t\t\t\t\t\t<img decoding=\"async\" width=\"50\" height=\"37\" src=\"https:\/\/colegiosuizomadrid.com\/beta\/wp-content\/uploads\/2021\/02\/comilla.png\" class=\"attachment-large size-large wp-image-16407\" alt=\"\" \/>\t\t\t\t\t\t\t\t\t\t\t\t\t\t\t<\/div>\n\t\t\t\t<\/div>\n\t\t\t\t\t<\/div>\n\t\t<\/div>\n\t\t\t\t<div class=\"elementor-column elementor-col-50 elementor-inner-column elementor-element elementor-element-e6f75b5\" data-id=\"e6f75b5\" data-element_type=\"column\" data-e-type=\"column\">\n\t\t\t<div class=\"elementor-widget-wrap elementor-element-populated\">\n\t\t\t\t\t\t<div class=\"elementor-element elementor-element-bc16828 elementor-widget elementor-widget-tp-unfold\" data-id=\"bc16828\" data-element_type=\"widget\" data-e-type=\"widget\" data-widget_type=\"tp-unfold.default\">\n\t\t\t\t<div class=\"elementor-widget-container\">\n\t\t\t\t\t<div class=\"tp-unfold-wrapper plus69edd02e9825e  \" data-id=\"plus69edd02e9825e\"  data-content_a_source=\"content\" data-con_pos=\"default\" data-icon-position=\"tp_ic_pos_before\" data-readmore=\"[ Weiter lesen ]\" data-readless=\"Schliessen\" data-readmore-icon=\"\" data-readless-icon=\"\"  data-transition-duration=\"200\" data-content-max-height=\"98\" data-content-max-height-t=\"100\" data-content-max-height-m=\"100\"  ><div class=\"tp-unfold-title\"><\/div><div class=\"tp-unfold-description\" ><div class=\"tp-unfold-description-inner\"><p class=\"p1\"><i>Wir sind begeistert von der Schweizer Schule, das Bildungsprojekt und die p\u00e4dagogischen Methoden machen wirklich einen Unterschied aus. Unsere Kinder gehen jeden Tag sehr gerne in die Schule, es ist unglaublich was f\u00fcr ein Deutschniveau sie<span class=\"Apple-converted-space\">\u00a0<\/span><\/i><i>erworben haben, vor allem wenn man bedenkt, dass wir nicht ein Wort Deutsch sprechen.\u00a0\u00a0Das Zentrum hat eine wirklich privilegierte Lage und schon im j\u00fcngsten Alter hatten unsere Kinder Zugang zu grossen Aussenbereichen, um zu spielen und sich entwickeln zu k\u00f6nnen. Das wird in der Primarschule noch mehr, und es gibt regelm\u00e4ssig Unterricht im Freien. Es herrscht eine multikulturelle und famili\u00e4re Atmosph\u00e4re, ohne Gleichmacherei und ohne grosses Aufsehen. Die Transparenz in der Verwaltung st\u00e4rkt unser Gemeinschaftsgef\u00fchl,<span class=\"Apple-converted-space\">\u00a0 <\/span>und best\u00e4rkt uns darin, dass wir gut aufgehoben sind. Die Situation im letzten Jahr hat alle Prozesse und Methoden auf die Probe gestellt, mit Situationen, die nie durchgespielt worden waren, und\u2026<span class=\"Apple-converted-space\">\u00a0 <\/span>es hat richtig gut funktioniert! Es ist unglaublich, wie schnell w\u00e4hrend des Lockowns eine digitale Umstellung eingeleitet und umgesetzt<span class=\"Apple-converted-space\">\u00a0 <\/span>wurde. Obwohl in dieser Zeit<span class=\"Apple-converted-space\">\u00a0 <\/span>ausschliesslich digital gearbeitet wurde, konnten <span class=\"Apple-converted-space\">\u00a0 <\/span>Kultur und Methodik grossmehrheitlich beibehalten werden.<\/i><\/p><\/div><\/div><div class=\"tp-unfold-last-toggle flex-start\"><button class=\"tp-unfold-toggle \"> [ Weiter lesen ] <\/button><\/div><\/div>\t\t\t\t<\/div>\n\t\t\t\t<\/div>\n\t\t\t\t<div class=\"elementor-element elementor-element-4825b42 elementor-widget elementor-widget-text-editor\" data-id=\"4825b42\" data-element_type=\"widget\" data-e-type=\"widget\" data-widget_type=\"text-editor.default\">\n\t\t\t\t<div class=\"elementor-widget-container\">\n\t\t\t\t\t\t\t\t\t<p><strong>Alberto und Mar\u00eda Esther<\/strong> (Eltern von Sch\u00fclern in der Primarschule)<\/p>\t\t\t\t\t\t\t\t<\/div>\n\t\t\t\t<\/div>\n\t\t\t\t\t<\/div>\n\t\t<\/div>\n\t\t\t\t\t<\/div>\n\t\t<\/section>\n\t\t\t\t\t<\/div>\n\t\t<\/div>\n\t\t\t\t\t<\/div>\n\t\t<\/section>\n\t\t\t\t<section class=\"elementor-section elementor-top-section elementor-element elementor-element-7b0790a elementor-section-boxed elementor-section-height-default elementor-section-height-default\" data-id=\"7b0790a\" data-element_type=\"section\" data-e-type=\"section\" data-settings=\"{&quot;background_background&quot;:&quot;classic&quot;}\">\n\t\t\t\t\t\t<div class=\"elementor-container elementor-column-gap-default\">\n\t\t\t\t\t<div class=\"elementor-column elementor-col-50 elementor-top-column elementor-element elementor-element-a7c193c\" data-id=\"a7c193c\" data-element_type=\"column\" data-e-type=\"column\">\n\t\t\t<div class=\"elementor-widget-wrap\">\n\t\t\t\t\t\t\t<\/div>\n\t\t<\/div>\n\t\t\t\t<div class=\"elementor-column elementor-col-50 elementor-top-column elementor-element elementor-element-1e5278f\" data-id=\"1e5278f\" data-element_type=\"column\" data-e-type=\"column\">\n\t\t\t<div class=\"elementor-widget-wrap elementor-element-populated\">\n\t\t\t\t\t\t<div class=\"elementor-element elementor-element-0f5ba18 elementor-widget elementor-widget-text-editor\" data-id=\"0f5ba18\" data-element_type=\"widget\" data-e-type=\"widget\" data-widget_type=\"text-editor.default\">\n\t\t\t\t<div class=\"elementor-widget-container\">\n\t\t\t\t\t\t\t\t\t<p class=\"p1\">Deutsch ist die<span class=\"Apple-converted-space\">\u00a0 <\/span>Unterrichtssprache in der Primarschule und hat eine besondere Relevanz, die \u00fcber das Fach hinausgeht, denn das Erlernen der Sprache erfolgt in allen F\u00e4chern, die auf Deutsch unterrichtet werden. F\u00fcr mache Sch\u00fclerinnen und Sch\u00fcler ist Deutsch die Muttersprache, f\u00fcr andere muss sie erst zu ihrer wichtigsten Zweitsprache werden. Diese unterschiedlichen sprachlichen Lebensumst\u00e4nde und individuellen Hintergr\u00fcnde werden in unserem Unterricht ber\u00fccksichtigt.<\/p>\t\t\t\t\t\t\t\t<\/div>\n\t\t\t\t<\/div>\n\t\t\t\t\t<\/div>\n\t\t<\/div>\n\t\t\t\t\t<\/div>\n\t\t<\/section>\n\t\t\t\t<section class=\"elementor-section elementor-top-section elementor-element elementor-element-d6bf32f elementor-section-boxed elementor-section-height-default elementor-section-height-default\" data-id=\"d6bf32f\" data-element_type=\"section\" data-e-type=\"section\" data-settings=\"{&quot;background_background&quot;:&quot;classic&quot;}\">\n\t\t\t\t\t\t<div class=\"elementor-container elementor-column-gap-default\">\n\t\t\t\t\t<div class=\"elementor-column elementor-col-50 elementor-top-column elementor-element elementor-element-2d52087\" data-id=\"2d52087\" data-element_type=\"column\" data-e-type=\"column\">\n\t\t\t<div class=\"elementor-widget-wrap elementor-element-populated\">\n\t\t\t\t\t\t<div class=\"elementor-element elementor-element-9c5b268 elementor-widget elementor-widget-image\" data-id=\"9c5b268\" data-element_type=\"widget\" data-e-type=\"widget\" data-widget_type=\"image.default\">\n\t\t\t\t<div class=\"elementor-widget-container\">\n\t\t\t\t\t\t\t\t\t\t\t\t\t\t\t<img fetchpriority=\"high\" decoding=\"async\" width=\"730\" height=\"498\" src=\"https:\/\/colegiosuizomadrid.com\/beta\/wp-content\/uploads\/2021\/03\/primaria2.jpg\" class=\"attachment-large size-large wp-image-16388\" alt=\"\" srcset=\"https:\/\/colegiosuizomadrid.com\/beta\/wp-content\/uploads\/2021\/03\/primaria2.jpg 730w, https:\/\/colegiosuizomadrid.com\/beta\/wp-content\/uploads\/2021\/03\/primaria2-600x409.jpg 600w, https:\/\/colegiosuizomadrid.com\/beta\/wp-content\/uploads\/2021\/03\/primaria2-300x205.jpg 300w\" sizes=\"(max-width: 730px) 100vw, 730px\" \/>\t\t\t\t\t\t\t\t\t\t\t\t\t\t\t<\/div>\n\t\t\t\t<\/div>\n\t\t\t\t<div class=\"elementor-element elementor-element-7e1f901 elementor-widget elementor-widget-text-editor\" data-id=\"7e1f901\" data-element_type=\"widget\" data-e-type=\"widget\" data-widget_type=\"text-editor.default\">\n\t\t\t\t<div class=\"elementor-widget-container\">\n\t\t\t\t\t\t\t\t\t<p class=\"p1\">In den ersten drei Jahren der Primarschule gibt es keine Hausaufgaben, die Sch\u00fclerinnen und Sch\u00fcler lernen und arbeiten in der Schule.\u00a0\u00a0<\/p><p class=\"p1\"><span class=\"Apple-converted-space\">\u00a0<\/span>Jedes Schuljahr im Fr\u00fchling findet unsere Lesewoche statt.<span class=\"Apple-converted-space\">\u00a0 <\/span>In dieser Woche bekommen die Sch\u00fclerinnen und Sch\u00fcler an jedem Tag Zeit, um sich in einem Buch w\u00e4hrend 20 Minuten zu vertiefen.<span class=\"Apple-converted-space\">\u00a0 <\/span>Ausserdem<span class=\"Apple-converted-space\">\u00a0 <\/span>kommen die Sch\u00fclerinnen und Sch\u00fcler der 2. und 3. Klasse in den Genuss eine spezielle Lesenacht in der Schule zu verbringen. Diese findet meistens von einem Freitag auf den Samstag statt.<span class=\"Apple-converted-space\">\u00a0 <\/span>In der Lesenacht werden B\u00fccher getauscht, Geschichten gelesen und erz\u00e4hlt und die Kinder haben die M\u00f6glichkeit in eine ganz andere Welt einzutauchen.\u00a0<\/p>\t\t\t\t\t\t\t\t<\/div>\n\t\t\t\t<\/div>\n\t\t\t\t\t<\/div>\n\t\t<\/div>\n\t\t\t\t<div class=\"elementor-column elementor-col-50 elementor-top-column elementor-element elementor-element-4d98467\" data-id=\"4d98467\" data-element_type=\"column\" data-e-type=\"column\">\n\t\t\t<div class=\"elementor-widget-wrap elementor-element-populated\">\n\t\t\t\t\t\t<div class=\"elementor-element elementor-element-5d87fb8 elementor-widget elementor-widget-image\" data-id=\"5d87fb8\" data-element_type=\"widget\" data-e-type=\"widget\" data-widget_type=\"image.default\">\n\t\t\t\t<div class=\"elementor-widget-container\">\n\t\t\t\t\t\t\t\t\t\t\t\t\t\t\t<img decoding=\"async\" width=\"728\" height=\"499\" src=\"https:\/\/colegiosuizomadrid.com\/beta\/wp-content\/uploads\/2021\/03\/primaria3.jpg\" class=\"attachment-large size-large wp-image-29201\" alt=\"\" srcset=\"https:\/\/colegiosuizomadrid.com\/beta\/wp-content\/uploads\/2021\/03\/primaria3.jpg 728w, https:\/\/colegiosuizomadrid.com\/beta\/wp-content\/uploads\/2021\/03\/primaria3-600x411.jpg 600w, https:\/\/colegiosuizomadrid.com\/beta\/wp-content\/uploads\/2021\/03\/primaria3-300x206.jpg 300w\" sizes=\"(max-width: 728px) 100vw, 728px\" \/>\t\t\t\t\t\t\t\t\t\t\t\t\t\t\t<\/div>\n\t\t\t\t<\/div>\n\t\t\t\t\t<\/div>\n\t\t<\/div>\n\t\t\t\t\t<\/div>\n\t\t<\/section>\n\t\t\t\t<section class=\"elementor-section elementor-top-section elementor-element elementor-element-cd1a89b elementor-section-boxed elementor-section-height-default elementor-section-height-default\" data-id=\"cd1a89b\" data-element_type=\"section\" data-e-type=\"section\" data-settings=\"{&quot;background_background&quot;:&quot;classic&quot;}\">\n\t\t\t\t\t\t<div class=\"elementor-container elementor-column-gap-default\">\n\t\t\t\t\t<div class=\"elementor-column elementor-col-50 elementor-top-column elementor-element elementor-element-171c41c\" data-id=\"171c41c\" data-element_type=\"column\" data-e-type=\"column\">\n\t\t\t<div class=\"elementor-widget-wrap elementor-element-populated\">\n\t\t\t\t\t\t<div class=\"elementor-element elementor-element-f362765 elementor-widget elementor-widget-image\" data-id=\"f362765\" data-element_type=\"widget\" data-e-type=\"widget\" data-widget_type=\"image.default\">\n\t\t\t\t<div class=\"elementor-widget-container\">\n\t\t\t\t\t\t\t\t\t\t\t\t\t\t\t<img loading=\"lazy\" decoding=\"async\" width=\"730\" height=\"543\" src=\"https:\/\/colegiosuizomadrid.com\/beta\/wp-content\/uploads\/2021\/03\/3-6.png\" class=\"attachment-large size-large wp-image-29206\" alt=\"\" srcset=\"https:\/\/colegiosuizomadrid.com\/beta\/wp-content\/uploads\/2021\/03\/3-6.png 730w, https:\/\/colegiosuizomadrid.com\/beta\/wp-content\/uploads\/2021\/03\/3-6-600x446.png 600w, https:\/\/colegiosuizomadrid.com\/beta\/wp-content\/uploads\/2021\/03\/3-6-300x223.png 300w\" sizes=\"(max-width: 730px) 100vw, 730px\" \/>\t\t\t\t\t\t\t\t\t\t\t\t\t\t\t<\/div>\n\t\t\t\t<\/div>\n\t\t\t\t\t<\/div>\n\t\t<\/div>\n\t\t\t\t<div class=\"elementor-column elementor-col-50 elementor-top-column elementor-element elementor-element-5426d16\" data-id=\"5426d16\" data-element_type=\"column\" data-e-type=\"column\">\n\t\t\t<div class=\"elementor-widget-wrap elementor-element-populated\">\n\t\t\t\t\t\t<div class=\"elementor-element elementor-element-a176c49 elementor-widget elementor-widget-text-editor\" data-id=\"a176c49\" data-element_type=\"widget\" data-e-type=\"widget\" data-widget_type=\"text-editor.default\">\n\t\t\t\t<div class=\"elementor-widget-container\">\n\t\t\t\t\t\t\t\t\t<p><span style=\"color: #ff0000;\"><strong>Primarschule <\/strong><\/span> (3. \u2013 6. Klasse)<\/p>\t\t\t\t\t\t\t\t<\/div>\n\t\t\t\t<\/div>\n\t\t\t\t<div class=\"elementor-element elementor-element-be7f083 elementor-widget elementor-widget-text-editor\" data-id=\"be7f083\" data-element_type=\"widget\" data-e-type=\"widget\" data-widget_type=\"text-editor.default\">\n\t\t\t\t<div class=\"elementor-widget-container\">\n\t\t\t\t\t\t\t\t\t<p class=\"p1\"><b>Im zweiten Zyklus werden die erlernten Inhalte vertieft und<span class=\"Apple-converted-space\">\u00a0 <\/span>gefestigt.<\/b>\u00a0<\/p><p class=\"p1\">Im zweiten Zyklus (3.\u2013 6. Klasse) werden alle F\u00e4higkeiten gefestigt. Als Ausgleich zu den eher kognitiven F\u00e4chern entwickeln und vertiefen die Kinder ihre kreativen und motorischen Fertigkeiten.<\/p><p class=\"p1\">Offene und kooperative Lernformen wie Wochenplanarbeit, Werkstatt- und Projektunterricht, Spiele und f\u00e4cher\u00fcbergreifende Themen f\u00fchren die Kinder zur Selbstst\u00e4ndigkeit und<span class=\"Apple-converted-space\">\u00a0 <\/span>\u00fcbernehmen mehr und mehr<span class=\"Apple-converted-space\">\u00a0 <\/span>Verantwortung des eigenen Lernens. Ziel ist es, das Know-How, das Wissen, wie es geht, zu erwerben. Das Auswendiglernen ist zweitrangig.\u00a0\u00a0<\/p>\t\t\t\t\t\t\t\t<\/div>\n\t\t\t\t<\/div>\n\t\t\t\t\t<\/div>\n\t\t<\/div>\n\t\t\t\t\t<\/div>\n\t\t<\/section>\n\t\t\t\t<section class=\"elementor-section elementor-top-section elementor-element elementor-element-2a00e66 elementor-section-boxed elementor-section-height-default elementor-section-height-default\" data-id=\"2a00e66\" data-element_type=\"section\" data-e-type=\"section\" data-settings=\"{&quot;background_background&quot;:&quot;classic&quot;}\">\n\t\t\t\t\t\t<div class=\"elementor-container elementor-column-gap-default\">\n\t\t\t\t\t<div class=\"elementor-column elementor-col-50 elementor-top-column elementor-element elementor-element-133f036\" data-id=\"133f036\" data-element_type=\"column\" data-e-type=\"column\">\n\t\t\t<div class=\"elementor-widget-wrap elementor-element-populated\">\n\t\t\t\t\t\t<section class=\"elementor-section elementor-inner-section elementor-element elementor-element-bf02e0a elementor-section-boxed elementor-section-height-default elementor-section-height-default\" data-id=\"bf02e0a\" data-element_type=\"section\" data-e-type=\"section\">\n\t\t\t\t\t\t<div class=\"elementor-container elementor-column-gap-default\">\n\t\t\t\t\t<div class=\"elementor-column elementor-col-50 elementor-inner-column elementor-element elementor-element-b048837\" data-id=\"b048837\" data-element_type=\"column\" data-e-type=\"column\">\n\t\t\t<div class=\"elementor-widget-wrap elementor-element-populated\">\n\t\t\t\t\t\t<div class=\"elementor-element elementor-element-ea08e1c elementor-widget elementor-widget-image\" data-id=\"ea08e1c\" data-element_type=\"widget\" data-e-type=\"widget\" data-widget_type=\"image.default\">\n\t\t\t\t<div class=\"elementor-widget-container\">\n\t\t\t\t\t\t\t\t\t\t\t\t\t\t\t<img decoding=\"async\" width=\"50\" height=\"37\" src=\"https:\/\/colegiosuizomadrid.com\/beta\/wp-content\/uploads\/2021\/02\/comilla.png\" class=\"attachment-large size-large wp-image-16407\" alt=\"\" \/>\t\t\t\t\t\t\t\t\t\t\t\t\t\t\t<\/div>\n\t\t\t\t<\/div>\n\t\t\t\t\t<\/div>\n\t\t<\/div>\n\t\t\t\t<div class=\"elementor-column elementor-col-50 elementor-inner-column elementor-element elementor-element-9837498\" data-id=\"9837498\" data-element_type=\"column\" data-e-type=\"column\">\n\t\t\t<div class=\"elementor-widget-wrap elementor-element-populated\">\n\t\t\t\t\t\t<div class=\"elementor-element elementor-element-793ae61 elementor-widget elementor-widget-tp-unfold\" data-id=\"793ae61\" data-element_type=\"widget\" data-e-type=\"widget\" data-widget_type=\"tp-unfold.default\">\n\t\t\t\t<div class=\"elementor-widget-container\">\n\t\t\t\t\t<div class=\"tp-unfold-wrapper plus69edd02e9be9e  \" data-id=\"plus69edd02e9be9e\"  data-content_a_source=\"content\" data-con_pos=\"default\" data-icon-position=\"tp_ic_pos_before\" data-readmore=\"[ Weiter lesen ]\" data-readless=\"Schliessen\" data-readmore-icon=\"\" data-readless-icon=\"\"  data-transition-duration=\"200\" data-content-max-height=\"70\" data-content-max-height-t=\"100\" data-content-max-height-m=\"100\"  ><div class=\"tp-unfold-title\"><\/div><div class=\"tp-unfold-description\" ><div class=\"tp-unfold-description-inner\"><p class=\"p1\"><i>Wir sind Sch\u00fcler der Schweizer Schule Madrid, ich seit 10 Jahren und mein Bruder seit 7. Ich habe keinen Vergleich zu anderen Schulen, aber ich kann sagen, was mir hier gef\u00e4llt:<span class=\"Apple-converted-space\">\u00a0<\/span><\/i><\/p><p class=\"p1\"><i>- Einmal im Monat gehen wir in den Wald von Valdelatas, und dort machen wir alle m\u00f6glichen Aktivit\u00e4ten.<\/i><\/p><p class=\"p1\"><i>- Die Schule hat ganz viele Gr\u00fcnfl\u00e4chen und wir k\u00f6nnen in den Pausen ins Freie.<span class=\"Apple-converted-space\">\u00a0<\/span><\/i><\/p><p class=\"p1\"><i>- Mehrmals im Jahr besuchen wir ein Museum, einen Bauernhof, gehen Skifahren, ins Theater... passend zum Thema, das wir gerade lernen.<\/i><\/p><p class=\"p1\"><i>- Und dazu bleiben wir in der 2. und 3. Primarklasse eine Nacht zum Schlafen in der Schule, das nennt sich die Lesenacht, und lesen bis zum Einschlafen.<span class=\"Apple-converted-space\">\u00a0<\/span><\/i><\/p><p class=\"p1\"><i>Ich finde es toll, in der Schweizer Schule zu lernen und mit meinen Freunden dort zu sein!<\/i><\/p><\/div><\/div><div class=\"tp-unfold-last-toggle flex-start\"><button class=\"tp-unfold-toggle \"> [ Weiter lesen ] <\/button><\/div><\/div>\t\t\t\t<\/div>\n\t\t\t\t<\/div>\n\t\t\t\t<div class=\"elementor-element elementor-element-e872301 elementor-widget elementor-widget-text-editor\" data-id=\"e872301\" data-element_type=\"widget\" data-e-type=\"widget\" data-widget_type=\"text-editor.default\">\n\t\t\t\t<div class=\"elementor-widget-container\">\n\t\t\t\t\t\t\t\t\t<p><strong>Carmen und Alejandro<\/strong> (Sch\u00fcler)<\/p>\t\t\t\t\t\t\t\t<\/div>\n\t\t\t\t<\/div>\n\t\t\t\t\t<\/div>\n\t\t<\/div>\n\t\t\t\t\t<\/div>\n\t\t<\/section>\n\t\t\t\t\t<\/div>\n\t\t<\/div>\n\t\t\t\t<div class=\"elementor-column elementor-col-50 elementor-top-column elementor-element elementor-element-086e10d\" data-id=\"086e10d\" data-element_type=\"column\" data-e-type=\"column\">\n\t\t\t<div class=\"elementor-widget-wrap elementor-element-populated\">\n\t\t\t\t\t\t<div class=\"elementor-element elementor-element-a84caf1 elementor-widget elementor-widget-image\" data-id=\"a84caf1\" data-element_type=\"widget\" data-e-type=\"widget\" data-widget_type=\"image.default\">\n\t\t\t\t<div class=\"elementor-widget-container\">\n\t\t\t\t\t\t\t\t\t\t\t\t\t\t\t<img loading=\"lazy\" decoding=\"async\" width=\"704\" height=\"509\" src=\"https:\/\/colegiosuizomadrid.com\/beta\/wp-content\/uploads\/2021\/03\/3-6-2.png\" class=\"attachment-large size-large wp-image-29204\" alt=\"\" srcset=\"https:\/\/colegiosuizomadrid.com\/beta\/wp-content\/uploads\/2021\/03\/3-6-2.png 704w, https:\/\/colegiosuizomadrid.com\/beta\/wp-content\/uploads\/2021\/03\/3-6-2-600x434.png 600w, https:\/\/colegiosuizomadrid.com\/beta\/wp-content\/uploads\/2021\/03\/3-6-2-300x217.png 300w\" sizes=\"(max-width: 704px) 100vw, 704px\" \/>\t\t\t\t\t\t\t\t\t\t\t\t\t\t\t<\/div>\n\t\t\t\t<\/div>\n\t\t\t\t\t<\/div>\n\t\t<\/div>\n\t\t\t\t\t<\/div>\n\t\t<\/section>\n\t\t\t\t<section class=\"elementor-section elementor-top-section elementor-element elementor-element-52917e0 elementor-section-boxed elementor-section-height-default elementor-section-height-default\" data-id=\"52917e0\" data-element_type=\"section\" data-e-type=\"section\" data-settings=\"{&quot;background_background&quot;:&quot;classic&quot;}\">\n\t\t\t\t\t\t<div class=\"elementor-container elementor-column-gap-default\">\n\t\t\t\t\t<div class=\"elementor-column elementor-col-50 elementor-top-column elementor-element elementor-element-592f3ee\" data-id=\"592f3ee\" data-element_type=\"column\" data-e-type=\"column\">\n\t\t\t<div class=\"elementor-widget-wrap elementor-element-populated\">\n\t\t\t\t\t\t<div class=\"elementor-element elementor-element-b12f177 elementor-widget elementor-widget-image\" data-id=\"b12f177\" data-element_type=\"widget\" data-e-type=\"widget\" data-widget_type=\"image.default\">\n\t\t\t\t<div class=\"elementor-widget-container\">\n\t\t\t\t\t\t\t\t\t\t\t\t\t\t\t<img loading=\"lazy\" decoding=\"async\" width=\"800\" height=\"534\" src=\"https:\/\/colegiosuizomadrid.com\/beta\/wp-content\/uploads\/2024\/02\/312599485_781759063228190_3960083067830242558_n-1024x684-1.jpg\" class=\"attachment-large size-large wp-image-29199\" alt=\"\" srcset=\"https:\/\/colegiosuizomadrid.com\/beta\/wp-content\/uploads\/2024\/02\/312599485_781759063228190_3960083067830242558_n-1024x684-1.jpg 1024w, https:\/\/colegiosuizomadrid.com\/beta\/wp-content\/uploads\/2024\/02\/312599485_781759063228190_3960083067830242558_n-1024x684-1-300x200.jpg 300w, https:\/\/colegiosuizomadrid.com\/beta\/wp-content\/uploads\/2024\/02\/312599485_781759063228190_3960083067830242558_n-1024x684-1-768x513.jpg 768w\" sizes=\"(max-width: 800px) 100vw, 800px\" \/>\t\t\t\t\t\t\t\t\t\t\t\t\t\t\t<\/div>\n\t\t\t\t<\/div>\n\t\t\t\t\t<\/div>\n\t\t<\/div>\n\t\t\t\t<div class=\"elementor-column elementor-col-50 elementor-top-column elementor-element elementor-element-90d5b0f\" data-id=\"90d5b0f\" data-element_type=\"column\" data-e-type=\"column\">\n\t\t\t<div class=\"elementor-widget-wrap elementor-element-populated\">\n\t\t\t\t\t\t<div class=\"elementor-element elementor-element-f0d96fa elementor-widget elementor-widget-text-editor\" data-id=\"f0d96fa\" data-element_type=\"widget\" data-e-type=\"widget\" data-widget_type=\"text-editor.default\">\n\t\t\t\t<div class=\"elementor-widget-container\">\n\t\t\t\t\t\t\t\t\t<p class=\"p1\">Die Anzahl der F\u00e4cher nimmt zu und Englisch wird als dritte Sprache eingef\u00fchrt. Die Sch\u00fclerinnen und Sch\u00fcler bereiten sich auf den \u00dcbergang ins Gymnasium vor, dort brauchen sie die Selbstst\u00e4ndigkeit, das Verantwortungsbewusstsein und die F\u00e4higkeit zur Selbstorganisation, die sie in der Primarschule erworben haben.<\/p><p class=\"p1\">\u00dcber die gesamte Primarschulzeit wird Unterricht in der Waldschule erteilt. Die Natur bietet zahllose M\u00f6glichkeiten, um das erarbeitete Wissen zu erleben, zu erforschen und zu entdecken. Es ist eine einzigartige Gelegenheit das Fachwissen mit Erlebnissen zu verkn\u00fcpfen.<span class=\"Apple-converted-space\">\u00a0<\/span><\/p><p class=\"p1\">Die Lernplattform MS Education\u00a0unterst\u00fctzt bereits die Primarsch\u00fclerinnen und Primarsch\u00fcler\u00a0bei der Auseinandersetzung mit Medien und Informatik.\u00a0\u00a0<\/p>\t\t\t\t\t\t\t\t<\/div>\n\t\t\t\t<\/div>\n\t\t\t\t\t<\/div>\n\t\t<\/div>\n\t\t\t\t\t<\/div>\n\t\t<\/section>\n\t\t\t\t<section class=\"elementor-section elementor-top-section elementor-element elementor-element-09dbc9a elementor-section-boxed elementor-section-height-default elementor-section-height-default\" data-id=\"09dbc9a\" data-element_type=\"section\" data-e-type=\"section\" data-settings=\"{&quot;background_background&quot;:&quot;classic&quot;}\">\n\t\t\t\t\t\t<div class=\"elementor-container elementor-column-gap-default\">\n\t\t\t\t\t<div class=\"elementor-column elementor-col-50 elementor-top-column elementor-element elementor-element-3e825c3\" data-id=\"3e825c3\" data-element_type=\"column\" data-e-type=\"column\">\n\t\t\t<div class=\"elementor-widget-wrap elementor-element-populated\">\n\t\t\t\t\t\t<section class=\"elementor-section elementor-inner-section elementor-element elementor-element-9f22055 elementor-section-boxed elementor-section-height-default elementor-section-height-default\" data-id=\"9f22055\" data-element_type=\"section\" data-e-type=\"section\">\n\t\t\t\t\t\t<div class=\"elementor-container elementor-column-gap-default\">\n\t\t\t\t\t<div class=\"elementor-column elementor-col-50 elementor-inner-column elementor-element elementor-element-6916339\" data-id=\"6916339\" data-element_type=\"column\" data-e-type=\"column\">\n\t\t\t<div class=\"elementor-widget-wrap elementor-element-populated\">\n\t\t\t\t\t\t<div class=\"elementor-element elementor-element-a0170aa elementor-widget elementor-widget-image\" data-id=\"a0170aa\" data-element_type=\"widget\" data-e-type=\"widget\" data-widget_type=\"image.default\">\n\t\t\t\t<div class=\"elementor-widget-container\">\n\t\t\t\t\t\t\t\t\t\t\t\t\t\t\t<img decoding=\"async\" width=\"50\" height=\"37\" src=\"https:\/\/colegiosuizomadrid.com\/beta\/wp-content\/uploads\/2021\/02\/comilla.png\" class=\"attachment-large size-large wp-image-16407\" alt=\"\" \/>\t\t\t\t\t\t\t\t\t\t\t\t\t\t\t<\/div>\n\t\t\t\t<\/div>\n\t\t\t\t\t<\/div>\n\t\t<\/div>\n\t\t\t\t<div class=\"elementor-column elementor-col-50 elementor-inner-column elementor-element elementor-element-a8bfa4c\" data-id=\"a8bfa4c\" data-element_type=\"column\" data-e-type=\"column\">\n\t\t\t<div class=\"elementor-widget-wrap elementor-element-populated\">\n\t\t\t\t\t\t<div class=\"elementor-element elementor-element-79ad64e elementor-widget elementor-widget-tp-unfold\" data-id=\"79ad64e\" data-element_type=\"widget\" data-e-type=\"widget\" data-widget_type=\"tp-unfold.default\">\n\t\t\t\t<div class=\"elementor-widget-container\">\n\t\t\t\t\t<div class=\"tp-unfold-wrapper plus69edd02e9dd62  \" data-id=\"plus69edd02e9dd62\"  data-content_a_source=\"content\" data-con_pos=\"default\" data-icon-position=\"tp_ic_pos_before\" data-readmore=\"[ Weiter lesen ]\" data-readless=\"Schliessen\" data-readmore-icon=\"\" data-readless-icon=\"\"  data-transition-duration=\"200\" data-content-max-height=\"98\" data-content-max-height-t=\"100\" data-content-max-height-m=\"100\"  ><div class=\"tp-unfold-title\"><\/div><div class=\"tp-unfold-description\" ><div class=\"tp-unfold-description-inner\"><p class=\"p1\"><i>An der Schweizer Schule sind die Lehrerinnen und Lehrer nett und hilfsbereit. Man ist nie alleine, denn die sie sind immer f\u00fcr einen da. Das Tollste ist, dass man immer viel Spa\u00df hat w\u00e4hrend man arbeitet.<span class=\"Apple-converted-space\">\u00a0<\/span><\/i><\/p><\/div><\/div><div class=\"tp-unfold-last-toggle flex-start\"><button class=\"tp-unfold-toggle \"> [ Weiter lesen ] <\/button><\/div><\/div>\t\t\t\t<\/div>\n\t\t\t\t<\/div>\n\t\t\t\t<div class=\"elementor-element elementor-element-dfe01e1 elementor-widget elementor-widget-text-editor\" data-id=\"dfe01e1\" data-element_type=\"widget\" data-e-type=\"widget\" data-widget_type=\"text-editor.default\">\n\t\t\t\t<div class=\"elementor-widget-container\">\n\t\t\t\t\t\t\t\t\t<p><strong>Sophia<\/strong> (Sch\u00fclerin)<\/p>\t\t\t\t\t\t\t\t<\/div>\n\t\t\t\t<\/div>\n\t\t\t\t\t<\/div>\n\t\t<\/div>\n\t\t\t\t\t<\/div>\n\t\t<\/section>\n\t\t\t\t\t<\/div>\n\t\t<\/div>\n\t\t\t\t<div class=\"elementor-column elementor-col-50 elementor-top-column elementor-element elementor-element-4ce169d\" data-id=\"4ce169d\" data-element_type=\"column\" data-e-type=\"column\">\n\t\t\t<div class=\"elementor-widget-wrap elementor-element-populated\">\n\t\t\t\t\t\t<div class=\"elementor-element elementor-element-08b1f33 elementor-widget elementor-widget-image\" data-id=\"08b1f33\" data-element_type=\"widget\" data-e-type=\"widget\" data-widget_type=\"image.default\">\n\t\t\t\t<div class=\"elementor-widget-container\">\n\t\t\t\t\t\t\t\t\t\t\t\t\t\t\t<img loading=\"lazy\" decoding=\"async\" width=\"729\" height=\"518\" src=\"https:\/\/colegiosuizomadrid.com\/beta\/wp-content\/uploads\/2023\/11\/\u00a9PEDRO-PARRA-MOYANO_@parraphotostories_DSCF6599.jpg\" class=\"attachment-large size-large wp-image-28066\" alt=\"\" srcset=\"https:\/\/colegiosuizomadrid.com\/beta\/wp-content\/uploads\/2023\/11\/\u00a9PEDRO-PARRA-MOYANO_@parraphotostories_DSCF6599.jpg 729w, https:\/\/colegiosuizomadrid.com\/beta\/wp-content\/uploads\/2023\/11\/\u00a9PEDRO-PARRA-MOYANO_@parraphotostories_DSCF6599-300x213.jpg 300w, https:\/\/colegiosuizomadrid.com\/beta\/wp-content\/uploads\/2023\/11\/\u00a9PEDRO-PARRA-MOYANO_@parraphotostories_DSCF6599-200x142.jpg 200w, https:\/\/colegiosuizomadrid.com\/beta\/wp-content\/uploads\/2023\/11\/\u00a9PEDRO-PARRA-MOYANO_@parraphotostories_DSCF6599-600x426.jpg 600w\" sizes=\"(max-width: 729px) 100vw, 729px\" \/>\t\t\t\t\t\t\t\t\t\t\t\t\t\t\t<\/div>\n\t\t\t\t<\/div>\n\t\t\t\t\t<\/div>\n\t\t<\/div>\n\t\t\t\t\t<\/div>\n\t\t<\/section>\n\t\t\t\t<section class=\"elementor-section elementor-top-section elementor-element elementor-element-c72d96a elementor-section-height-min-height elementor-section-items-top elementor-section-boxed elementor-section-height-default\" data-id=\"c72d96a\" data-element_type=\"section\" data-e-type=\"section\" data-settings=\"{&quot;background_background&quot;:&quot;classic&quot;}\">\n\t\t\t\t\t\t<div class=\"elementor-container elementor-column-gap-default\">\n\t\t\t\t\t<div class=\"elementor-column elementor-col-33 elementor-top-column elementor-element elementor-element-a235792\" data-id=\"a235792\" data-element_type=\"column\" data-e-type=\"column\">\n\t\t\t<div class=\"elementor-widget-wrap\">\n\t\t\t\t\t\t\t<\/div>\n\t\t<\/div>\n\t\t\t\t<div class=\"elementor-column elementor-col-33 elementor-top-column elementor-element elementor-element-d5063b4\" data-id=\"d5063b4\" data-element_type=\"column\" data-e-type=\"column\">\n\t\t\t<div class=\"elementor-widget-wrap\">\n\t\t\t\t\t\t\t<\/div>\n\t\t<\/div>\n\t\t\t\t<div class=\"elementor-column elementor-col-33 elementor-top-column elementor-element elementor-element-a103dd6\" data-id=\"a103dd6\" data-element_type=\"column\" data-e-type=\"column\">\n\t\t\t<div class=\"elementor-widget-wrap elementor-element-populated\">\n\t\t\t\t\t\t<section class=\"elementor-section elementor-inner-section elementor-element elementor-element-821fff6 elementor-section-boxed elementor-section-height-default elementor-section-height-default\" data-id=\"821fff6\" data-element_type=\"section\" data-e-type=\"section\">\n\t\t\t\t\t\t<div class=\"elementor-container elementor-column-gap-default\">\n\t\t\t\t\t<div class=\"elementor-column elementor-col-50 elementor-inner-column elementor-element elementor-element-972a7b0\" data-id=\"972a7b0\" data-element_type=\"column\" data-e-type=\"column\">\n\t\t\t<div class=\"elementor-widget-wrap elementor-element-populated\">\n\t\t\t\t\t\t<div class=\"elementor-element elementor-element-54d5428 elementor-widget elementor-widget-heading\" data-id=\"54d5428\" data-element_type=\"widget\" data-e-type=\"widget\" data-widget_type=\"heading.default\">\n\t\t\t\t<div class=\"elementor-widget-container\">\n\t\t\t\t\t<p class=\"elementor-heading-title elementor-size-default\"><a href=\"https:\/\/colegiosuizomadrid.com\/beta\/wp-content\/uploads\/2021\/04\/CSM_Stundentafel_Tabla-asignaturas_Primaria.pdf\" target=\"_blank\">Stundentafel Primarschule<\/a><\/p>\t\t\t\t<\/div>\n\t\t\t\t<\/div>\n\t\t\t\t\t<\/div>\n\t\t<\/div>\n\t\t\t\t<div class=\"elementor-column elementor-col-50 elementor-inner-column elementor-element elementor-element-8bdff49\" data-id=\"8bdff49\" data-element_type=\"column\" data-e-type=\"column\">\n\t\t\t<div class=\"elementor-widget-wrap elementor-element-populated\">\n\t\t\t\t\t\t<div class=\"elementor-element elementor-element-9c862a8 elementor-icon-list--layout-traditional elementor-list-item-link-full_width elementor-widget elementor-widget-icon-list\" data-id=\"9c862a8\" data-element_type=\"widget\" data-e-type=\"widget\" data-widget_type=\"icon-list.default\">\n\t\t\t\t<div class=\"elementor-widget-container\">\n\t\t\t\t\t\t\t<ul class=\"elementor-icon-list-items\">\n\t\t\t\t\t\t\t<li class=\"elementor-icon-list-item\">\n\t\t\t\t\t\t\t\t\t\t\t<a href=\"https:\/\/colegiosuizomadrid.com\/beta\/wp-content\/uploads\/2021\/04\/CSM_Stundentafel_Tabla-asignaturas_Primaria.pdf\" target=\"_blank\">\n\n\t\t\t\t\t\t\t\t\t\t\t\t<span class=\"elementor-icon-list-icon\">\n\t\t\t\t\t\t\t<i aria-hidden=\"true\" class=\"far fa-file-pdf\"><\/i>\t\t\t\t\t\t<\/span>\n\t\t\t\t\t\t\t\t\t\t<span class=\"elementor-icon-list-text\">Pdf 300k<\/span>\n\t\t\t\t\t\t\t\t\t\t\t<\/a>\n\t\t\t\t\t\t\t\t\t<\/li>\n\t\t\t\t\t\t<\/ul>\n\t\t\t\t\t\t<\/div>\n\t\t\t\t<\/div>\n\t\t\t\t\t<\/div>\n\t\t<\/div>\n\t\t\t\t\t<\/div>\n\t\t<\/section>\n\t\t\t\t\t<\/div>\n\t\t<\/div>\n\t\t\t\t\t<\/div>\n\t\t<\/section>\n\t\t\t\t<\/div>\n\t\t","protected":false},"excerpt":{"rendered":"<p>SCHULSTUFEN PRIMARSCHULE BILDUNG \/ SHULSTUFEN \/ Primarschule Primarschule (1. und 2. Klasse)\u00a0 Die Sch\u00fclerinnen und Sch\u00fcler sind die Hauptdarsteller ihres Lernens.\u00a0 Sie lernen die Welt kennen, indem sie handeln, entdecken und untersuchen. Unsere Sch\u00fclerinnen und Sch\u00fcler lernen und arbeiten in einem famili\u00e4ren, freundlichen und kreativen Umfeld. Der Schulalltag ist von einer ganzheitlichen F\u00f6rderung gepr\u00e4gt, in [&hellip;]<\/p>\n","protected":false},"author":1,"featured_media":0,"parent":16341,"menu_order":0,"comment_status":"closed","ping_status":"closed","template":"","meta":{"footnotes":""},"class_list":["post-16387","page","type-page","status-publish","hentry"],"yoast_head":"<!-- This site is optimized with the Yoast SEO plugin v27.4 - https:\/\/yoast.com\/product\/yoast-seo-wordpress\/ -->\n<title>PRIMARSCHULE - Colegio Suizo de Madrid<\/title>\n<meta name=\"robots\" content=\"index, follow, max-snippet:-1, max-image-preview:large, max-video-preview:-1\" \/>\n<link rel=\"canonical\" href=\"https:\/\/colegiosuizomadrid.com\/de\/shulstufen\/primarschule\/\" \/>\n<meta property=\"og:locale\" content=\"de_DE\" \/>\n<meta property=\"og:type\" content=\"article\" \/>\n<meta property=\"og:title\" content=\"PRIMARSCHULE - Colegio Suizo de Madrid\" \/>\n<meta property=\"og:description\" content=\"SCHULSTUFEN PRIMARSCHULE BILDUNG \/ SHULSTUFEN \/ Primarschule Primarschule (1. und 2. Klasse)\u00a0 Die Sch\u00fclerinnen und Sch\u00fcler sind die Hauptdarsteller ihres Lernens.\u00a0 Sie lernen die Welt kennen, indem sie handeln, entdecken und untersuchen. Unsere Sch\u00fclerinnen und Sch\u00fcler lernen und arbeiten in einem famili\u00e4ren, freundlichen und kreativen Umfeld. Der Schulalltag ist von einer ganzheitlichen F\u00f6rderung gepr\u00e4gt, in [&hellip;]\" \/>\n<meta property=\"og:url\" content=\"https:\/\/colegiosuizomadrid.com\/de\/shulstufen\/primarschule\/\" \/>\n<meta property=\"og:site_name\" content=\"Colegio Suizo de Madrid\" \/>\n<meta property=\"article:modified_time\" content=\"2024-02-07T18:30:56+00:00\" \/>\n<meta property=\"og:image\" content=\"https:\/\/colegiosuizomadrid.com\/beta\/wp-content\/uploads\/2021\/02\/comilla.png\" \/>\n<meta name=\"twitter:card\" content=\"summary_large_image\" \/>\n<meta name=\"twitter:label1\" content=\"Gesch\u00e4tzte Lesezeit\" \/>\n\t<meta name=\"twitter:data1\" content=\"6\u00a0Minuten\" \/>\n<script type=\"application\/ld+json\" class=\"yoast-schema-graph\">{\"@context\":\"https:\\\/\\\/schema.org\",\"@graph\":[{\"@type\":\"WebPage\",\"@id\":\"https:\\\/\\\/colegiosuizomadrid.com\\\/de\\\/shulstufen\\\/primarschule\\\/\",\"url\":\"https:\\\/\\\/colegiosuizomadrid.com\\\/de\\\/shulstufen\\\/primarschule\\\/\",\"name\":\"PRIMARSCHULE - Colegio Suizo de Madrid\",\"isPartOf\":{\"@id\":\"https:\\\/\\\/colegiosuizomadrid.com\\\/#website\"},\"primaryImageOfPage\":{\"@id\":\"https:\\\/\\\/colegiosuizomadrid.com\\\/de\\\/shulstufen\\\/primarschule\\\/#primaryimage\"},\"image\":{\"@id\":\"https:\\\/\\\/colegiosuizomadrid.com\\\/de\\\/shulstufen\\\/primarschule\\\/#primaryimage\"},\"thumbnailUrl\":\"https:\\\/\\\/colegiosuizomadrid.com\\\/beta\\\/wp-content\\\/uploads\\\/2021\\\/02\\\/comilla.png\",\"datePublished\":\"2021-02-08T14:57:22+00:00\",\"dateModified\":\"2024-02-07T18:30:56+00:00\",\"breadcrumb\":{\"@id\":\"https:\\\/\\\/colegiosuizomadrid.com\\\/de\\\/shulstufen\\\/primarschule\\\/#breadcrumb\"},\"inLanguage\":\"de\",\"potentialAction\":[{\"@type\":\"ReadAction\",\"target\":[\"https:\\\/\\\/colegiosuizomadrid.com\\\/de\\\/shulstufen\\\/primarschule\\\/\"]}]},{\"@type\":\"ImageObject\",\"inLanguage\":\"de\",\"@id\":\"https:\\\/\\\/colegiosuizomadrid.com\\\/de\\\/shulstufen\\\/primarschule\\\/#primaryimage\",\"url\":\"https:\\\/\\\/colegiosuizomadrid.com\\\/beta\\\/wp-content\\\/uploads\\\/2021\\\/02\\\/comilla.png\",\"contentUrl\":\"https:\\\/\\\/colegiosuizomadrid.com\\\/beta\\\/wp-content\\\/uploads\\\/2021\\\/02\\\/comilla.png\"},{\"@type\":\"BreadcrumbList\",\"@id\":\"https:\\\/\\\/colegiosuizomadrid.com\\\/de\\\/shulstufen\\\/primarschule\\\/#breadcrumb\",\"itemListElement\":[{\"@type\":\"ListItem\",\"position\":1,\"name\":\"Portada\",\"item\":\"https:\\\/\\\/colegiosuizomadrid.com\\\/\"},{\"@type\":\"ListItem\",\"position\":2,\"name\":\"SCHULSTUFEN\",\"item\":\"https:\\\/\\\/colegiosuizomadrid.com\\\/etapas-educativas\\\/\"},{\"@type\":\"ListItem\",\"position\":3,\"name\":\"PRIMARSCHULE\"}]},{\"@type\":\"WebSite\",\"@id\":\"https:\\\/\\\/colegiosuizomadrid.com\\\/#website\",\"url\":\"https:\\\/\\\/colegiosuizomadrid.com\\\/\",\"name\":\"Colegio Suizo de Madrid\",\"description\":\"\",\"publisher\":{\"@id\":\"https:\\\/\\\/colegiosuizomadrid.com\\\/#organization\"},\"potentialAction\":[{\"@type\":\"SearchAction\",\"target\":{\"@type\":\"EntryPoint\",\"urlTemplate\":\"https:\\\/\\\/colegiosuizomadrid.com\\\/?s={search_term_string}\"},\"query-input\":{\"@type\":\"PropertyValueSpecification\",\"valueRequired\":true,\"valueName\":\"search_term_string\"}}],\"inLanguage\":\"de\"},{\"@type\":\"Organization\",\"@id\":\"https:\\\/\\\/colegiosuizomadrid.com\\\/#organization\",\"name\":\"Colegio Suizo de Madrid\",\"url\":\"https:\\\/\\\/colegiosuizomadrid.com\\\/\",\"logo\":{\"@type\":\"ImageObject\",\"inLanguage\":\"de\",\"@id\":\"https:\\\/\\\/colegiosuizomadrid.com\\\/#\\\/schema\\\/logo\\\/image\\\/\",\"url\":\"https:\\\/\\\/colegiosuizomadrid.com\\\/beta\\\/wp-content\\\/uploads\\\/2020\\\/03\\\/Logo-50-Aniv-Colegio-Suizo-Madrid-1.png\",\"contentUrl\":\"https:\\\/\\\/colegiosuizomadrid.com\\\/beta\\\/wp-content\\\/uploads\\\/2020\\\/03\\\/Logo-50-Aniv-Colegio-Suizo-Madrid-1.png\",\"width\":300,\"height\":75,\"caption\":\"Colegio Suizo de Madrid\"},\"image\":{\"@id\":\"https:\\\/\\\/colegiosuizomadrid.com\\\/#\\\/schema\\\/logo\\\/image\\\/\"}}]}<\/script>\n<!-- \/ Yoast SEO plugin. -->","yoast_head_json":{"title":"PRIMARSCHULE - Colegio Suizo de Madrid","robots":{"index":"index","follow":"follow","max-snippet":"max-snippet:-1","max-image-preview":"max-image-preview:large","max-video-preview":"max-video-preview:-1"},"canonical":"https:\/\/colegiosuizomadrid.com\/de\/shulstufen\/primarschule\/","og_locale":"de_DE","og_type":"article","og_title":"PRIMARSCHULE - Colegio Suizo de Madrid","og_description":"SCHULSTUFEN PRIMARSCHULE BILDUNG \/ SHULSTUFEN \/ Primarschule Primarschule (1. und 2. Klasse)\u00a0 Die Sch\u00fclerinnen und Sch\u00fcler sind die Hauptdarsteller ihres Lernens.\u00a0 Sie lernen die Welt kennen, indem sie handeln, entdecken und untersuchen. Unsere Sch\u00fclerinnen und Sch\u00fcler lernen und arbeiten in einem famili\u00e4ren, freundlichen und kreativen Umfeld. Der Schulalltag ist von einer ganzheitlichen F\u00f6rderung gepr\u00e4gt, in [&hellip;]","og_url":"https:\/\/colegiosuizomadrid.com\/de\/shulstufen\/primarschule\/","og_site_name":"Colegio Suizo de Madrid","article_modified_time":"2024-02-07T18:30:56+00:00","og_image":[{"url":"https:\/\/colegiosuizomadrid.com\/beta\/wp-content\/uploads\/2021\/02\/comilla.png","type":"","width":"","height":""}],"twitter_card":"summary_large_image","twitter_misc":{"Gesch\u00e4tzte Lesezeit":"6\u00a0Minuten"},"schema":{"@context":"https:\/\/schema.org","@graph":[{"@type":"WebPage","@id":"https:\/\/colegiosuizomadrid.com\/de\/shulstufen\/primarschule\/","url":"https:\/\/colegiosuizomadrid.com\/de\/shulstufen\/primarschule\/","name":"PRIMARSCHULE - Colegio Suizo de Madrid","isPartOf":{"@id":"https:\/\/colegiosuizomadrid.com\/#website"},"primaryImageOfPage":{"@id":"https:\/\/colegiosuizomadrid.com\/de\/shulstufen\/primarschule\/#primaryimage"},"image":{"@id":"https:\/\/colegiosuizomadrid.com\/de\/shulstufen\/primarschule\/#primaryimage"},"thumbnailUrl":"https:\/\/colegiosuizomadrid.com\/beta\/wp-content\/uploads\/2021\/02\/comilla.png","datePublished":"2021-02-08T14:57:22+00:00","dateModified":"2024-02-07T18:30:56+00:00","breadcrumb":{"@id":"https:\/\/colegiosuizomadrid.com\/de\/shulstufen\/primarschule\/#breadcrumb"},"inLanguage":"de","potentialAction":[{"@type":"ReadAction","target":["https:\/\/colegiosuizomadrid.com\/de\/shulstufen\/primarschule\/"]}]},{"@type":"ImageObject","inLanguage":"de","@id":"https:\/\/colegiosuizomadrid.com\/de\/shulstufen\/primarschule\/#primaryimage","url":"https:\/\/colegiosuizomadrid.com\/beta\/wp-content\/uploads\/2021\/02\/comilla.png","contentUrl":"https:\/\/colegiosuizomadrid.com\/beta\/wp-content\/uploads\/2021\/02\/comilla.png"},{"@type":"BreadcrumbList","@id":"https:\/\/colegiosuizomadrid.com\/de\/shulstufen\/primarschule\/#breadcrumb","itemListElement":[{"@type":"ListItem","position":1,"name":"Portada","item":"https:\/\/colegiosuizomadrid.com\/"},{"@type":"ListItem","position":2,"name":"SCHULSTUFEN","item":"https:\/\/colegiosuizomadrid.com\/etapas-educativas\/"},{"@type":"ListItem","position":3,"name":"PRIMARSCHULE"}]},{"@type":"WebSite","@id":"https:\/\/colegiosuizomadrid.com\/#website","url":"https:\/\/colegiosuizomadrid.com\/","name":"Colegio Suizo de Madrid","description":"","publisher":{"@id":"https:\/\/colegiosuizomadrid.com\/#organization"},"potentialAction":[{"@type":"SearchAction","target":{"@type":"EntryPoint","urlTemplate":"https:\/\/colegiosuizomadrid.com\/?s={search_term_string}"},"query-input":{"@type":"PropertyValueSpecification","valueRequired":true,"valueName":"search_term_string"}}],"inLanguage":"de"},{"@type":"Organization","@id":"https:\/\/colegiosuizomadrid.com\/#organization","name":"Colegio Suizo de Madrid","url":"https:\/\/colegiosuizomadrid.com\/","logo":{"@type":"ImageObject","inLanguage":"de","@id":"https:\/\/colegiosuizomadrid.com\/#\/schema\/logo\/image\/","url":"https:\/\/colegiosuizomadrid.com\/beta\/wp-content\/uploads\/2020\/03\/Logo-50-Aniv-Colegio-Suizo-Madrid-1.png","contentUrl":"https:\/\/colegiosuizomadrid.com\/beta\/wp-content\/uploads\/2020\/03\/Logo-50-Aniv-Colegio-Suizo-Madrid-1.png","width":300,"height":75,"caption":"Colegio Suizo de Madrid"},"image":{"@id":"https:\/\/colegiosuizomadrid.com\/#\/schema\/logo\/image\/"}}]}},"_links":{"self":[{"href":"https:\/\/colegiosuizomadrid.com\/de\/wp-json\/wp\/v2\/pages\/16387","targetHints":{"allow":["GET"]}}],"collection":[{"href":"https:\/\/colegiosuizomadrid.com\/de\/wp-json\/wp\/v2\/pages"}],"about":[{"href":"https:\/\/colegiosuizomadrid.com\/de\/wp-json\/wp\/v2\/types\/page"}],"author":[{"embeddable":true,"href":"https:\/\/colegiosuizomadrid.com\/de\/wp-json\/wp\/v2\/users\/1"}],"replies":[{"embeddable":true,"href":"https:\/\/colegiosuizomadrid.com\/de\/wp-json\/wp\/v2\/comments?post=16387"}],"version-history":[{"count":74,"href":"https:\/\/colegiosuizomadrid.com\/de\/wp-json\/wp\/v2\/pages\/16387\/revisions"}],"predecessor-version":[{"id":29209,"href":"https:\/\/colegiosuizomadrid.com\/de\/wp-json\/wp\/v2\/pages\/16387\/revisions\/29209"}],"up":[{"embeddable":true,"href":"https:\/\/colegiosuizomadrid.com\/de\/wp-json\/wp\/v2\/pages\/16341"}],"wp:attachment":[{"href":"https:\/\/colegiosuizomadrid.com\/de\/wp-json\/wp\/v2\/media?parent=16387"}],"curies":[{"name":"wp","href":"https:\/\/api.w.org\/{rel}","templated":true}]}}